{"id":394,"date":"2024-09-18T13:39:27","date_gmt":"2024-09-18T11:39:27","guid":{"rendered":"https:\/\/hackathon.upol.cz\/?page_id=394"},"modified":"2026-03-17T12:08:58","modified_gmt":"2026-03-17T11:08:58","slug":"data_zaloha","status":"publish","type":"page","link":"https:\/\/hackathon.upol.cz\/en\/data_zaloha\/","title":{"rendered":"data_zaloha"},"content":{"rendered":"<p><img decoding=\"async\" src=\"\/wp-content\/uploads\/2025\/06\/HACKATHON-Facebook-1024-x-768-px-Presentation.png\" alt=\"\"><\/p>\n<div>\n<h3 style=\"color: whitesmoke;\">p\u0159ehled datov\u00fdch sad<\/h3>\n<\/div>\n<p><a href=\"#data\">[triangle-down]<\/a><\/p>\n<h1>\n<h1 style=\"text-align: center;\">P\u0159ehled datov\u00fdch sad<\/h1>\n<\/h1>\n<div>\n<p><b>\u00da\u010dastn\u00edk\u016fm hackathonu p\u0159in\u00e1\u0161\u00edme p\u0159ehled otev\u0159en\u00fdch datov\u00fdch sad, kter\u00e9 m\u016f\u017eou vyu\u017e\u00edt p\u0159i \u0159e\u0161en\u00ed sv\u00fdch projekt\u016f<\/b><\/p>\n<\/div>\n<div>\n<p><strong>\u0158e\u0161en\u00ed by m\u011blo obsahovat datov\u00e9 sady z EnCLOD senzorick\u00e9 s\u00edt\u011b v Olomouci v libovoln\u00e9m m\u011b\u0159\u00edtku.<br \/><\/strong> Vyu\u017eit\u00ed dal\u0161\u00ed sad nen\u00ed nijak podm\u00edn\u011bno. \u00da\u010dastn\u00edci m\u016f\u017eou vyu\u017e\u00edt jak\u00e1koliv dal\u0161\u00ed otev\u0159en\u00e1 data.\u00a0<\/p>\n<p>Seznam datov\u00fdch sad pr\u016fb\u011b\u017en\u011b dopl\u0148ujeme.<\/p>\n<\/div>\n<ul>\n<li>\n        <a href=\"#enclod\">EnCLOD<\/a>\n    <\/li>\n<li>\n        <a href=\"#upol\">Univerzita Palack\u00e9ho v Olomouci<\/a>\n    <\/li>\n<li>\n        <a href=\"#smol\">Statut\u00e1rn\u00ed m\u011bsto Olomouc<\/a>\n    <\/li>\n<li>\n        <a href=\"#ok\">Olomouck\u00fd kraj<\/a>\n    <\/li>\n<li>\n        <a href=\"#fnol\">Fakultn\u00ed nemocnice Olomouc<\/a>\n    <\/li>\n<li>\n        <a href=\"#pm\">Pocitov\u00e9 mapovan\u00ed<\/a>\n    <\/li>\n<\/ul>\n<h1>\n<h3 style=\"text-align: center;\">EnCLOD senzorick\u00e1 s\u00ed\u0165 m\u011bsta Olomouc<\/h3>\n<\/h1>\n<ul>\n<li>\n<h3>Tepeln\u00e9 ostrovy\u00a0 a parkovi\u0161t\u011b<\/h3>\n<p>EnCLOD<\/p>\n<div>\n<p><b>dashboard pro z\u00edsk\u00e1n\u00ed dat<\/b><\/p>\n<\/div>\n<p><a href=\"https:\/\/doprava.digital\/d\/df1d3519-ca97-4a4b-9086-7330f6629e4f\/landing-page?orgId=1\">otev\u0159i a stahuj<\/a><\/p>\n<\/li>\n<li>\n<h3>Datov\u00fd port\u00e1l CITIQ<\/h3>\n<p>EnCLOD<\/p>\n<div>\n<p><b>dashboard pro z\u00edsk\u00e1n\u00ed dat<\/b><\/p>\n<\/div>\n<p><a href=\"https:\/\/iot.citiq.cloud\/portal\/docs\/\">otev\u0159i a stahuj<\/a><\/p>\n<\/li>\n<li>\n<h3>Mikroz\u00f3ny Olomouce<\/h3>\n<p>EnCLOD<\/p>\n<div>\n<p>datov\u00e1 sada mikroz\u00f3n<\/p>\n<\/div>\n<p><a href=\"https:\/\/drive.google.com\/drive\/folders\/18eu9A3ayv8IIGMHmtYRuYd9Wwrzr4Dzh?usp=drive_link\">otev\u0159i a stahuj<\/a><\/p>\n<\/li>\n<\/ul>\n<ul>\n<li>\n<h3>Meteorologick\u00e1 data senzorov\u00e9 s\u00edt\u011b m\u011bsta Olomouc<\/h3>\n<p>EnCLOD<\/p>\n<div>\n<ul>\n<li style=\"font-weight: 400;\" aria-level=\"1\">\n<p><b>M\u011b\u0159en\u00e9 meteorologick\u00e9 prvky:<\/b><\/p>\n<ul>\n<li><b>atmosf\u00e9rick\u00fd tlak (hPa)<\/b><\/li>\n<li><b>relativn\u00ed vlhkost vzduchu (%)<\/b><\/li>\n<li><b>sm\u011br v\u011btru <br \/>(pod\u00edly v %, rozd\u011blen\u00e9 do hlavn\u00edch sm\u011br\u016f: N, NE, E, SE, S, SW, W, NW)<\/b><\/li>\n<li><b>rychlost v\u011btru (m\/s)<\/b><\/li>\n<li><b>teplota vzduchu ve v\u00fd\u0161ce 200\u202fcm (\u00b0C)<\/b><\/li>\n<li><b>teplota vzduchu ve v\u00fd\u0161ce 80\u202fcm (\u00b0C)<\/b><\/li>\n<li><b>teplota povrchu (0\u202fcm) (\u00b0C)<\/b><\/li>\n<li><b>teplota pod povrchem v\u202fhloubce \u20136\u202fcm (\u00b0C)<\/b><\/li>\n<li><b>teplota pod povrchem v\u202fhloubce \u201330\u202fcm (\u00b0C)<\/b><\/li>\n<\/ul>\n<\/li>\n<\/ul>\n<\/div>\n<p><a href=\"https:\/\/olomouc.digital\/data-aplikace\/\">uk\u00e1zka dat<\/a><\/p>\n<\/li>\n<li>\n<h3>Obsazenost parkovac\u00edch ploch v Olomouci<\/h3>\n<p>EnCLOD<\/p>\n<div>\n<ul>\n<li style=\"font-weight: 400;\" aria-level=\"1\">\n<p><b>Sledovan\u00e9 ukazatele:<\/b><\/p>\n<ul>\n<li><b>parkovac\u00ed kapacita (po\u010det m\u00edst)<\/b><\/li>\n<li><b>obsazenost z no\u010dn\u00edho pr\u016fzkumu (po\u010det vozidel)<\/b><\/li>\n<li><b>celkov\u00fd m\u011bs\u00ed\u010dn\u00ed n\u00e1jezd (po\u010det vjezd\u016f)<\/b><\/li>\n<li><b>celkov\u00fd m\u011bs\u00ed\u010dn\u00ed v\u00fdjezd (po\u010det v\u00fdjezd\u016f)<\/b><\/li>\n<li><b>m\u011bs\u00ed\u010dn\u00ed bilance (n\u00e1jezd \u2013 v\u00fdjezd)<\/b><\/li>\n<li><b>pr\u016fm\u011brn\u00fd denn\u00ed n\u00e1jezd (po\u010det vjezd\u016f \/ den)<\/b><\/li>\n<li><b>pr\u016fm\u011brn\u00fd denn\u00ed v\u00fdjezd (po\u010det v\u00fdjezd\u016f \/ den)<\/b><\/li>\n<li><b>pr\u016fm\u011brn\u00e1 denn\u00ed bilance (n\u00e1jezd \u2013 v\u00fdjezd \/ den)<\/b><\/li>\n<li><b>pr\u016fm\u011brn\u00e1 denn\u00ed obsazenost (absolutn\u011b i v\u202f%, rozli\u0161eno pro pracovn\u00ed den a v\u00edkend)<\/b><\/li>\n<li><b>pr\u016fm\u011brn\u00e1 no\u010dn\u00ed obsazenost (absolutn\u011b i v\u202f%, rozli\u0161eno pro pracovn\u00ed den a v\u00edkend)<\/b><\/li>\n<li><b>obsazenost v \u010dase (hodinov\u00e9 hodnoty pro jednotliv\u00e9 dny v m\u011bs\u00edci, uv\u00e1d\u011bn\u00e1 v absolutn\u00edch po\u010dtech vozidel)<\/b><\/li>\n<li><b>8 lokalit <\/b><\/li>\n<\/ul>\n<\/li>\n<\/ul>\n<\/div>\n<p><a href=\"https:\/\/olomouc.digital\/data-aplikace\/\">uk\u00e1zka dat<\/a><\/p>\n<\/li>\n<li>\n<h3>Po\u010dty pr\u016fjezd\u016f dopravn\u00edmi profily v Olomouci<\/h3>\n<p>EnCLOD<\/p>\n<div>\n<ul>\n<li style=\"font-weight: 400;\" aria-level=\"1\">\n<p><b>Sledovan\u00e9 ukazatele:<\/b><\/p>\n<ul>\n<li><b>Denn\u00ed intenzita dopravy (celkov\u00fd po\u010det vjezd\u016f za den)<\/b><\/li>\n<li><b>Celkov\u00fd po\u010det v\u00fdjezd\u016f za den<\/b><\/li>\n<li><b>Hodinov\u00e9 intenzity dopravy za ka\u017ed\u00fd j\u00edzdn\u00ed pruh<\/b><\/li>\n<li><b>Detailn\u00ed intenzita dopravy (po\u010det vozidel za 15 min pro ka\u017ed\u00fd j\u00edzdn\u00ed pruh)<\/b><\/li>\n<\/ul>\n<p><b>Po\u010det vozidel podle kategorie:<\/b><\/p>\n<ul>\n<li><b>osobn\u00ed vozidla<\/b><\/li>\n<li><b>dod\u00e1vky<\/b><\/li>\n<li><b>n\u00e1kladn\u00ed vozidla<\/b><\/li>\n<li><b>nekategorizov\u00e1no<\/b><\/li>\n<\/ul>\n<p><b>Po\u010det vozidel podle rychlosti &#8211; interval 15 minut (voliteln\u00e9)<\/b><\/p>\n<ul>\n<li><b>0-30<\/b><\/li>\n<li><b>30-60<\/b><\/li>\n<li><b>60+<\/b><\/li>\n<li><b>nekategorizov\u00e1no<\/b><\/li>\n<li><b>Protijedouc\u00ed vozidla &#8211; interval 15 minut (detekce protism\u011br\u016f)<\/b><\/li>\n<li><b>cca 30 lokalit (bod\u016f)<\/b><\/li>\n<\/ul>\n<\/li>\n<\/ul>\n<\/div>\n<p><a href=\"https:\/\/olomouc.digital\/data-aplikace\/\">uk\u00e1zka dat<\/a><\/p>\n<\/li>\n<li>\n<h3>Z\u00e1kladn\u00ed ukazatele za mikroz\u00f3ny<\/h3>\n<p>EnCLOD<\/p>\n<div>\n<ul>\n<li style=\"font-weight: 400;\" aria-level=\"1\">\n<ul>\n<li>po\u010det parkovac\u00edch m\u00edst<\/li>\n<li>obsazenost z no\u010dn\u00edho pr\u016fzkumu (po\u010det vozidel)<\/li>\n<li>cca 30 statick\u00fdch ukazatel\u016f<\/li>\n<li>po\u010det obyvatel \u2013 ofici\u00e1ln\u00ed, denn\u00ed, no\u010dn\u00ed<\/li>\n<li>po\u010det \u0161kol, obchod\u016f, restaurac\u00ed, lavi\u010dek, h\u0159i\u0161\u0165<\/li>\n<li>d\u00e9lky komunikac\u00ed \u2013 chodn\u00edk\u016f, cyklostezek, silnic<\/li>\n<li>d\u00e9lky in\u017een\u00fdrsk\u00fdch s\u00edt\u00ed<\/li>\n<li>mno\u017estv\u00ed zelen\u011b<\/li>\n<li>atd.<\/li>\n<\/ul>\n<\/li>\n<\/ul>\n<\/div>\n<p><a href=\"https:\/\/olomouc.digital\/data-aplikace\/\">uk\u00e1zka dat<\/a><\/p>\n<\/li>\n<\/ul>\n<h1>\n<h3 style=\"text-align: center;\">Univerzita Palack\u00e9ho v Olomouci<\/h3>\n<\/h1>\n<ul>\n<li>\n<h3>Z\u00e1kladn\u00ed topografick\u00e1 data &#8211; Open Street Map (2023)<\/h3>\n<p>UPOL<\/p>\n<div>\n<ul>\n<li style=\"font-weight: 400;\" aria-level=\"1\"><b>Popis:<\/b><span style=\"font-weight: 400;\"> z\u00e1kladn\u00ed topografick\u00e9 prostorov\u00e9 vrstvy &#8211; komunikace, \u017eeleznice, administrativn\u00ed hranice, lesy, POI<\/span><\/li>\n<li style=\"font-weight: 400;\" aria-level=\"1\"><b>Typ dat: <\/b><span style=\"font-weight: 400;\">prostorov\u00e1<\/span><\/li>\n<li><b>Form\u00e1t:<\/b><span style=\"font-weight: 400;\"> SHP\/FileGDB<\/span><\/li>\n<\/ul>\n<\/div>\n<p><a href=\"https:\/\/download.geofabrik.de\/europe.html\">otev\u0159i datovou sadu<\/a><\/p>\n<\/li>\n<li>\n<h3>Z\u00e1kladn\u00ed naviga\u010dn\u00ed data &#8211; Open Transport Map (2023)<\/h3>\n<p>UPOL<\/p>\n<div>\n<ul>\n<li><b>Popis:<\/b><span style=\"font-weight: 400;\"> routovateln\u00e1 vrstva silni\u010dn\u00ed s\u00edt\u011b<\/span><\/li>\n<li><b>Typ dat: <\/b><span style=\"font-weight: 400;\">prostorov\u00e1<\/span><\/li>\n<li><b>Form\u00e1t:<\/b><span style=\"font-weight: 400;\"> SHP\/FileGDB<\/span><\/li>\n<\/ul>\n<\/div>\n<p><a href=\"https:\/\/opentransportmap.info\/download\/\">otev\u0159i datovou sadu<\/a><\/p>\n<\/li>\n<li>\n<h3>Cyklotrasy<\/h3>\n<p>UPOL<\/p>\n<div>\n<ul>\n<li><b>Popis:<\/b><span style=\"font-weight: 400;\"> cyklotrasy ve m\u011bst\u011b Olomouc<\/span><\/li>\n<li><b>Typ dat: <\/b><span style=\"font-weight: 400;\">prostorov\u00e1<\/span><\/li>\n<\/ul>\n<\/div>\n<p><a href=\"https:\/\/drive.google.com\/drive\/folders\/1ydLadkPsboPwtShVrP6ZUp5gBmJDdS3O?usp=drive_link\">otev\u0159i datovou sadu<\/a><\/p>\n<\/li>\n<li>\n<h3>Po\u010dty student\u016f UPOL (2022)<\/h3>\n<p>UPOL<\/p>\n<div>\n<ul>\n<li><b>Popis:<\/b><span style=\"font-weight: 400;\"> po\u010dty student\u016f UPOL po jednotliv\u00fdch katedr\u00e1ch<\/span><\/li>\n<li><b>Typ dat: <\/b><span style=\"font-weight: 400;\">tabel\u00e1rn\u00ed<\/span><\/li>\n<\/ul>\n<\/div>\n<p><a href=\"https:\/\/drive.google.com\/drive\/folders\/1ItkOpHCp25I6J6ViKAQCQNZPVLW-3tn_?usp=drive_link\">otev\u0159i datovou sadu<\/a><\/p>\n<\/li>\n<li>\n<h3>Pracovi\u0161t\u011b UPOL (2023)<\/h3>\n<p>UPOL<\/p>\n<div>\n<ul>\n<li><b>Popis:<\/b><span style=\"font-weight: 400;\"> jednotliv\u00e1 pracovi\u0161t\u011b UPOL (n\u00e1zev, sou\u0159adnice, adresa)<\/span><\/li>\n<li><b>Typ dat: <\/b><span style=\"font-weight: 400;\">tabel\u00e1rn\u00ed<\/span><\/li>\n<\/ul>\n<\/div>\n<p><a href=\"https:\/\/drive.google.com\/drive\/folders\/1_GAGlSFYhhtd-gdIP_p_fR_SEW9pk0Cn?usp=drive_link\">otev\u0159i datovou sadu<\/a><\/p>\n<\/li>\n<li>\n<h3>Spot\u0159eba energi\u00ed UPOL (2023)<\/h3>\n<p>UPOL<\/p>\n<div>\n<ul>\n<li><b>Popis:<\/b><span style=\"font-weight: 400;\"> energetick\u00e1 spot\u0159eba UPOL po jednotliv\u00fdch budov\u00e1ch v letech 2021, 2022 a 2023 (plyn, teplo, voda, elekt\u0159ina) &#8211; spot\u0159ebovan\u00e9 mno\u017estv\u00ed, cena<\/span><\/li>\n<li><b>Typ dat: <\/b><span style=\"font-weight: 400;\">tabel\u00e1rn\u00ed<\/span><\/li>\n<\/ul>\n<\/div>\n<p><a href=\"https:\/\/drive.google.com\/drive\/folders\/1faiQn97tuGtG7rn-XDlvLLbYSO6EyuUQ?usp=drive_link\">otev\u0159i datovou sadu<\/a><\/p>\n<\/li>\n<li>\n<h3>Po\u010dty zahrani\u010dn\u00edch student\u016f v \u010desk\u00fdch programech UPOL (2024)<\/h3>\n<p>UPOL<\/p>\n<div>\n<ul>\n<li><b>Popis:<\/b><span style=\"font-weight: 400;\"> <span>zahrani\u010dn\u00ed studenty &#8211; v \u010desk\u00fdch programech. Pokud tam m\u00e1 n\u011bkdo \u010deskou adresu, tak m\u00e1 u\u017e trval\u00e9 bydli\u0161t\u011b tady, i kdy\u017e ob\u010danstv\u00ed ciz\u00ed.<\/span><\/span><\/li>\n<li><b>Typ dat: <\/b><span style=\"font-weight: 400;\">tabel\u00e1rn\u00ed<\/span><\/li>\n<\/ul>\n<\/div>\n<p><a href=\"https:\/\/docs.google.com\/spreadsheets\/d\/1hreORnxzBoxitxeLe9vs1R9RubUorFab\/edit?usp=drive_link&#038;ouid=112558220386519013353&#038;rtpof=true&#038;sd=true\">otev\u0159i datovou sadu<\/a><\/p>\n<\/li>\n<li>\n<h3>Report udr\u017eiteln\u00e9ho rozvoje UPOL 2023<\/h3>\n<p>UPOL<\/p>\n<div>\n<ul>\n<li><b>Popis:<\/b><span style=\"font-weight: 400;\"> Report udr\u017eiteln\u00e9ho rozvoje na Univerzit\u011b Palack\u00e9ho v Olomouci za rok 2023<\/span><\/li>\n<li><b>Typ dat: <\/b><span style=\"font-weight: 400;\">tabel\u00e1rn\u00ed, textov\u00e1<\/span><\/li>\n<\/ul>\n<\/div>\n<p><a href=\"https:\/\/udrzitelna.upol.cz\/files\/cm\/Udrzitelna_univerzita\/Report_udrzitelneho_rozvoje_UP_2023.pdf\">otev\u0159i datovou sadu<\/a><\/p>\n<\/li>\n<\/ul>\n<h1>\n<h3 style=\"text-align: center;\">Statut\u00e1rn\u00ed m\u011bsto Olomouc<\/h3>\n<\/h1>\n<div>\n<h3>Port\u00e1l otev\u0159en\u00fdch dat m\u011bsta Olomouc<\/h3>\n<p>SMOL<\/p>\n<div>\n<ul>\n<li style=\"font-weight: 400;\" aria-level=\"1\">\n<p><b>Cyklostezky Olomouc<\/b><\/p>\n<ul>\n<li style=\"font-weight: 400;\" aria-level=\"1\"><b>Popis:<\/b><span style=\"font-weight: 400;\"> Data (liniov\u00e1 vrstva) zn\u00e1zor\u0148uj\u00edc\u00ed cyklostezky na \u00fazem\u00ed Statutarn\u00edho m\u011bsta Olomouce.\u00a0<\/span><\/li>\n<li style=\"font-weight: 400;\" aria-level=\"1\"><b>Typ dat: <\/b><span style=\"font-weight: 400;\">tabel\u00e1rn\u00ed, prostorov\u00e1<\/span><\/li>\n<li style=\"font-weight: 400;\" aria-level=\"1\"><b>Form\u00e1t:<\/b><span style=\"font-weight: 400;\"> CSV, KML, SHP, GeoJSON, GDB<\/span><\/li>\n<li style=\"font-weight: 400;\" aria-level=\"1\"><b>Odkaz:<\/b><span style=\"font-weight: 400;\"> datov\u00e9 \u00falo\u017ei\u0161t\u011b SMOl<\/span><\/li>\n<\/ul>\n<p><span style=\"font-weight: 400;\">__________________________________________________________________________________<\/span><\/p>\n<p><\/p>\n<p><b>Brownfieldy Olomouc<\/b><\/p>\n<ul>\n<li style=\"font-weight: 400;\" aria-level=\"1\"><b>Popis:<\/b><span style=\"font-weight: 400;\"> Data (polygonov\u00e1 vrstva) zn\u00e1zor\u0148uj\u00edc\u00ed lokalizaci tzv. brownfield\u016f na \u00fazem\u00ed Statutarn\u00edho m\u011bsta Olomouce. (v\u010detn\u011b informac\u00ed o n\u00e1zvu, popisu, rozlohy aj.)<\/span><\/li>\n<li style=\"font-weight: 400;\" aria-level=\"1\"><b>Typ dat: <\/b><span style=\"font-weight: 400;\">tabel\u00e1rn\u00ed, prostorov\u00e1<\/span><\/li>\n<li style=\"font-weight: 400;\" aria-level=\"1\"><b>Form\u00e1t:<\/b><span style=\"font-weight: 400;\"> CSV, KML, SHP, GeoJSON, GDB<\/span><\/li>\n<li style=\"font-weight: 400;\" aria-level=\"1\"><b>Odkaz:<\/b><span style=\"font-weight: 400;\"> datov\u00e9 \u00falo\u017ei\u0161t\u011b SMOl<\/span><\/li>\n<\/ul>\n<p><span style=\"font-weight: 400;\">__________________________________________________________________________________<\/span><\/p>\n<p><\/p>\n<p><b>Cenov\u00e1 mapa 2006 &#8211; 2023\u00a0<\/b><\/p>\n<ul>\n<li style=\"font-weight: 400;\" aria-level=\"1\"><b>Popis:<\/b><span style=\"font-weight: 400;\"> Cenov\u00e1 mapa stavebn\u00edch pozemk\u016f (polygony) na \u00fazem\u00ed statut\u00e1rn\u00edho m\u011bsta Olomouce je zpracov\u00e1na podle \u00a7 10 z\u00e1kona \u010d. 151\/1997 Sb., o oce\u0148ov\u00e1n\u00ed majetku a o zm\u011bn\u011b n\u011bkter\u00fdch z\u00e1kon\u016f (z\u00e1kon o oce\u0148ov\u00e1n\u00ed majetku), ve zn\u011bn\u00ed pozd\u011bj\u0161\u00edch p\u0159edpis\u016f, a podle vyhl\u00e1\u0161ky \u010d. 441\/2013 Sb., k proveden\u00ed z\u00e1kona o oce\u0148ov\u00e1n\u00ed majetku (oce\u0148ovac\u00ed vyhl\u00e1\u0161ka), ve zn\u011bn\u00ed pozd\u011bj\u0161\u00edch p\u0159edpis\u016f.<\/span><\/li>\n<li style=\"font-weight: 400;\" aria-level=\"1\"><b>Typ dat: <\/b><span style=\"font-weight: 400;\">tabel\u00e1rn\u00ed, prostorov\u00e1<\/span><\/li>\n<li style=\"font-weight: 400;\" aria-level=\"1\"><b>Form\u00e1t:<\/b><span style=\"font-weight: 400;\"> CSV, KML, SHP, GeoJSON, GDB<\/span><\/li>\n<li style=\"font-weight: 400;\" aria-level=\"1\"><b>Odkaz:<\/b><span style=\"font-weight: 400;\"> datov\u00e9 \u00falo\u017ei\u0161t\u011b SMOl<\/span><\/li>\n<\/ul>\n<p><span style=\"font-weight: 400;\">__________________________________________________________________________________<\/span><\/p>\n<p><\/p>\n<p><b>Cyklostojany Olomouc<\/b><\/p>\n<ul>\n<li style=\"font-weight: 400;\" aria-level=\"1\"><b>Popis:<\/b><span style=\"font-weight: 400;\"> Bodov\u00e1 vrstva obsahuj\u00edc\u00ed lokalizaci (cyklo)stojan\u016f na \u00fazem\u00ed Statutarn\u00edho m\u011bsta Olomouce.\u00a0<\/span><\/li>\n<li style=\"font-weight: 400;\" aria-level=\"1\"><b>Typ dat: <\/b><span style=\"font-weight: 400;\">tabel\u00e1rn\u00ed, prostorov\u00e1<\/span><\/li>\n<li style=\"font-weight: 400;\" aria-level=\"1\"><b>Form\u00e1t:<\/b><span style=\"font-weight: 400;\"> CSV, KML, SHP, GeoJSON, GDB<\/span><\/li>\n<li style=\"font-weight: 400;\" aria-level=\"1\"><b>Odkaz:<\/b><span style=\"font-weight: 400;\"> datov\u00e9 \u00falo\u017ei\u0161t\u011b SMOl<\/span><\/li>\n<\/ul>\n<\/li>\n<\/ul>\n<p>a dal\u0161\u00ed&#8230;<\/p>\n<\/div>\n<p><a href=\"https:\/\/opendata.olomouc.eu\/ \">otev\u0159i datovou sadu<\/a><\/p>\n<\/div>\n<h1>\n<h3 style=\"text-align: center;\">Olomouck\u00fd kraj<\/h3>\n<\/h1>\n<ul>\n<li>\n<h3>Port\u00e1l otev\u0159en\u00fdch dat Olomouck\u00e9ho kraje<\/h3>\n<p>OK<\/p>\n<div>\n<ul>\n<li>p\u0159\u00edsp\u011bvkov\u00e9 organizace Olomouck\u00e9ho kraje<\/li>\n<li>Z\u00daR OK &#8211; Rozvojov\u00e9 oblasti a osy, specifick\u00e9<\/li>\n<li>blasti &#8211; LINIE<\/li>\n<li>z\u00e1jmov\u00e1 a dal\u0161\u00ed vzd\u011bl\u00e1vac\u00ed za\u0159\u00edzen\u00ed<\/li>\n<li>z\u00e1kladn\u00ed um\u011bleck\u00e9 a jazykov\u00e9 \u0161koly<\/li>\n<li>v\u00fdchovn\u00e1 a ubytovac\u00ed za\u0159\u00edzen\u00ed<\/li>\n<li>za\u0159\u00edzen\u00ed pro \u00fastavn\u00ed v\u00fdchovu<\/li>\n<li>mate\u0159sk\u00e9 \u0161koly<\/li>\n<li>konzervato\u0159e test (host)<\/li>\n<li>Z\u00daR OK _ rozvojov\u00e9 oblasti a osy_ specifick\u00e9 blasti _ BOD<\/li>\n<li>organiza\u010dn\u00ed struktura Krajsk\u00e9ho \u00fa\u0159adu<\/li>\n<li>Olomouck\u00e9ho kraje<\/li>\n<li>konzervato\u0159e<\/li>\n<li>st\u0159edn\u00ed \u0161koly<\/li>\n<li>publika\u010dn\u00ed pl\u00e1n Olomouck\u00e9ho kraje<\/li>\n<li>\u0161kolsk\u00e1 \u00fa\u010delov\u00e1 za\u0159\u00edzen\u00ed<\/li>\n<li>konzervato\u0159e test<\/li>\n<li>\u0161kolsk\u00e1 poradensk\u00e1 za\u0159\u00edzen\u00ed<\/li>\n<li>s\u00eddla \u0161kol a \u0161kolsk\u00fdch za\u0159\u00edzen\u00ed<\/li>\n<li>za\u0159\u00edzen\u00ed \u0161koln\u00edho stravov\u00e1n\u00ed<\/li>\n<li>vy\u0161\u0161\u00ed odborn\u00e9 \u0161koly<\/li>\n<li>z\u00e1kladn\u00ed \u0161koly<\/li>\n<li>pl\u00e1n zimn\u00ed \u00fadr\u017eby silnic Olomouck\u00e9ho kraj<\/li>\n<li>a dal\u0161\u00ed<\/li>\n<\/ul>\n<\/div>\n<p><a href=\"https:\/\/www.dataok.cz\/\">otev\u0159i datovou sadu<\/a><\/p>\n<\/li>\n<li>\n<h3>Senzorick\u00e1 data <\/h3>\n<p>OK + EnCLOD<\/p>\n<div>\n<ul>\n<li><span data-olk-copy-source=\"MessageBody\">meteorologick\u00e1 data senzorov\u00e9 s\u00edt\u011b m\u011bsta Olomouc<\/span><\/li>\n<li><span data-olk-copy-source=\"MessageBody\">po\u010dty pr\u016fjezd\u016f automobil\u016f dopravn\u00edmi profily v Olomouci<\/span><\/li>\n<li><span data-olk-copy-source=\"MessageBody\">dopravn\u00ed profily v Olomouci<\/span><\/li>\n<li><span data-olk-copy-source=\"MessageBody\">meteostanice m\u011bsta Olomouc<\/span><\/li>\n<li>parkovac\u00ed z\u00f3ny v Olomouci<\/li>\n<\/ul>\n<\/div>\n<p><a href=\"https:\/\/www.dataok.cz\/search?collection=dataset&#038;sort=Date%20Created%7Ccreated%7Cdesc&#038;tags=ENCLOD\">otev\u0159i datovou sadu<\/a><\/p>\n<\/li>\n<\/ul>\n<ul>\n<li>\n<h3>Dostupnosti ve\u0159ejn\u00e9 infrastruktury <\/h3>\n<p>OK<\/p>\n<div>\n<ul>\n<li style=\"font-weight: 400;\" aria-level=\"1\"><b>Popis:<\/b><span style=\"font-weight: 400;\"> Lokalizace vybran\u00fdch za\u0159\u00edzen\u00ed ve\u0159ejn\u00e9 infrastruktury (za\u0159\u00edzen\u00ed soci\u00e1ln\u00edch slu\u017eeb, po\u0161ty, vzd\u011bl\u00e1vac\u00ed za\u0159\u00edzen\u00ed, zdravotnick\u00e1 za\u0159\u00edzen\u00ed) a jejich obslu\u017en\u00e9 z\u00f3ny pro stanoven\u00e9 intervaly (\u010dasov\u00e9 nebo vzd\u00e1lenostn\u00ed) dostupnosti individu\u00e1ln\u00ed automobilovou dopravou nebo p\u011b\u0161\u00ed doch\u00e1zkou.\u00a0<\/span><\/li>\n<li style=\"font-weight: 400;\" aria-level=\"1\"><b>Typ dat: <\/b><span style=\"font-weight: 400;\">prostorov\u00e1\u00a0<\/span><\/li>\n<li style=\"font-weight: 400;\" aria-level=\"1\"><b>Form\u00e1t:<\/b><span style=\"font-weight: 400;\"> SHP, GeoJSON\u00a0<\/span><\/li>\n<\/ul>\n<\/div>\n<p><a href=\"https:\/\/drive.google.com\/drive\/folders\/1NHTDq4391MfdcCbvN9pGcPOgDyj6FRGF?usp=sharing \">otev\u0159i datovou sadu<\/a><\/p>\n<\/li>\n<li>\n<h3>Data \u010cS\u00da &#8211; demografick\u00e9 \u00fadaje za obce Olomouck\u00e9ho kraje <\/h3>\n<p>OK<\/p>\n<div>\n<ul>\n<li style=\"font-weight: 400;\" aria-level=\"1\"><b>Popis:<\/b><span style=\"font-weight: 400;\"> Z\u00e1kladn\u00ed ukazatele o obyvatelstvu obc\u00ed (po\u010det, narozen\u00ed, zem\u0159el\u00ed, p\u0159\u00edr\u016fstek p\u0159irozen\u00fd\/migra\u010dn\u00ed, s\u0148atky, rozvody, potraty) Olomouck\u00e9ho kraje v \u010dlen\u011bn\u00ed po okresech za obdob\u00ed 1971 &#8211; 2022\u00a0<\/span><\/li>\n<li style=\"font-weight: 400;\" aria-level=\"1\"><b>Typ dat:<\/b><span style=\"font-weight: 400;\"> tabel\u00e1rn\u00ed\u00a0<\/span><\/li>\n<li style=\"font-weight: 400;\" aria-level=\"1\"><b>Form\u00e1t:<\/b><span style=\"font-weight: 400;\"> xlsx\u00a0<\/span><\/li>\n<\/ul>\n<\/div>\n<p><a href=\"https:\/\/drive.google.com\/file\/d\/1iBjXTw_s6M5ADFbHjJ6ZfQJ07ansdu8R\/view?usp=sharing\">otev\u0159i datovou sadu<\/a><\/p>\n<\/li>\n<\/ul>\n<h1>\n<h3 style=\"text-align: center;\">Fakultn\u00ed nemocnice Olomouc<\/h3>\n<\/h1>\n<div>\n<h3>Dataset k anal\u00fdze pohybu vozidel v are\u00e1lu Fakultn\u00ed nemocnice Olomouc<\/h3>\n<p>FNOL<\/p>\n<div>\n<ul>\n<li style=\"font-weight: 400;\" aria-level=\"1\"><b>Popis: <\/b><span style=\"font-weight: 400;\">Efektivn\u00ed \u0159\u00edzen\u00ed dopravy a parkov\u00e1n\u00ed v are\u00e1lu nemocnice je kl\u00ed\u010dov\u00fdm faktorem pro zaji\u0161t\u011bn\u00ed plynul\u00e9ho provozu zdravotnick\u00e9ho za\u0159\u00edzen\u00ed, spokojenosti pacient\u016f a optim\u00e1ln\u00edho vyu\u017eit\u00ed dostupn\u00fdch zdroj\u016f. Tento projekt si klade za c\u00edl komplexn\u011b analyzovat pohyb vozidel v are\u00e1lu nemocnice, identifikovat vzorce a trendy v doprav\u011b a navrhnout \u0159e\u0161en\u00ed pro optimalizaci parkovac\u00edch kapacit. Prost\u0159ednictv\u00edm sb\u011bru a vizualizace dat o vjezdech, v\u00fdjezdech a obsazenosti parkovi\u0161\u0165 z\u00edsk\u00e1me cenn\u00e9 informace, kter\u00e9 pomohou zlep\u0161it dostupnost parkov\u00e1n\u00ed, sn\u00ed\u017eit dopravn\u00ed z\u00e1t\u011b\u017e a zv\u00fd\u0161it celkovou efektivitu provozu are\u00e1lu. V\u00fdsledky t\u00e9to anal\u00fdzy by mohly b\u00fdt prezentov\u00e1ny nap\u0159\u00edklad prost\u0159ednictv\u00edm interaktivn\u00ed webov\u00e9 aplikace, kter\u00e1 poskytne veden\u00ed nemocnice i dal\u0161\u00edm zainteresovan\u00fdm stran\u00e1m p\u0159ehledn\u00fd n\u00e1stroj pro informovan\u00e9 rozhodov\u00e1n\u00ed a strategick\u00e9 pl\u00e1nov\u00e1n\u00ed v oblasti spr\u00e1vy dopravy a parkov\u00e1n\u00ed.<\/span><\/li>\n<li style=\"font-weight: 400;\" aria-level=\"1\">\n<p><b>C\u00edle projektu:<\/b><\/p>\n<ol>\n<li><span style=\"font-weight: 400;\"> Analyzovat data o pohybu vozidel v are\u00e1lu nemocnice<\/span><\/li>\n<li><span style=\"font-weight: 400;\"> Optimalizovat vyu\u017eit\u00ed parkovac\u00edch m\u00edst<\/span><\/li>\n<li><span style=\"font-weight: 400;\"> Vytvo\u0159it vizu\u00e1ln\u00ed reprezentaci dat<\/span><\/li>\n<li><span style=\"font-weight: 400;\"> Maxim\u00e1ln\u011b vyu\u017e\u00edt mo\u017en\u00fd potenci\u00e1l vyhodnocen\u00ed, interpretace a prezentace z\u00e1v\u011br\u016f z poskytnut\u00fdch dat dle r\u016fzn\u00fdch pohled\u016f zpracovatel\u016f.<\/span><\/li>\n<\/ol>\n<p><span style=\"font-weight: 400;\">\u00a0<\/span><b>Kl\u00ed\u010dov\u00e9 body anal\u00fdzy:<\/b><\/p>\n<ol>\n<li><span style=\"font-weight: 400;\"> Statistick\u00e1 odchylka vjezd\/v\u00fdjezd &#8211; sledov\u00e1n\u00ed \u00fabytku vozidel a nalezen\u00ed odpov\u011bd\u00ed na tento fenom\u00e9n (za jak\u00fdch okolnost\u00ed nast\u00e1v\u00e1, p\u0159\u00edp. \u010d\u00edm je zp\u016fsobena tato odchylka)<\/span><\/li>\n<li><span style=\"font-weight: 400;\"> Modelace v \u010dase:<\/span><\/li>\n<\/ol>\n<p><span style=\"font-weight: 400;\">&#8211;<\/span><span style=\"font-weight: 400;\">\u00a0 \u00a0 \u00a0 \u00a0 \u00a0 <\/span><span style=\"font-weight: 400;\">Pr\u016fm\u011brn\u00e1 obsazenost parkovi\u0161\u0165<\/span><\/p>\n<p><span style=\"font-weight: 400;\">&#8211;<\/span><span style=\"font-weight: 400;\">\u00a0 \u00a0 \u00a0 \u00a0 \u00a0 <\/span><span style=\"font-weight: 400;\">Po\u010det vozidel v are\u00e1lu<\/span><\/p>\n<p><span style=\"font-weight: 400;\">&#8211;<\/span><span style=\"font-weight: 400;\">\u00a0 \u00a0 \u00a0 \u00a0 \u00a0 <\/span><span style=\"font-weight: 400;\">Identifikace \u0161pi\u010dkov\u00fdch hodin (maximum vozidel v are\u00e1lu, na vjezdech\/v\u00fdjezdech do\/z are\u00e1lu a na\/z parkovi\u0161t\u011b)<\/span><\/p>\n<ol start=\"3\">\n<li><span style=\"font-weight: 400;\"> Optimalizace vjezd\u016f<\/span><\/li>\n<li><span style=\"font-weight: 400;\"> Ur\u010den\u00ed maxima a minima po\u010dtu vozidel v are\u00e1lu (v pracovn\u00edch dnech \/ dnech volna, jednotliv\u00fdch dn\u016f v t\u00fddnu, jednotliv\u00fdch m\u011bs\u00edc\u016f, p\u0159\u00edpadn\u00e1 korelace s po\u010das\u00edm, s akcemi po\u0159\u00e1dan\u00fdmi na v\u00fdstavi\u0161ti Fl\u00f3ra apod.)<\/span><\/li>\n<li><span style=\"font-weight: 400;\"> Anal\u00fdza obsazenosti parkovi\u0161\u0165:<\/span><\/li>\n<\/ol>\n<p><span style=\"font-weight: 400;\">\u00a0\u00a0\u00a0&#8211; Frekvence pln\u00e9 obsazenosti<\/span><\/p>\n<p><span style=\"font-weight: 400;\">\u00a0\u00a0\u00a0&#8211; Pr\u016fm\u011brn\u00e1 doba pln\u00e9 obsazenosti<\/span><\/p>\n<ol start=\"6\">\n<li><span style=\"font-weight: 400;\"> Kategorizace vozidel<\/span><\/li>\n<\/ol>\n<p><span style=\"font-weight: 400;\">\u00a0<\/span><b>Specifick\u00e9 po\u017eadavky:<\/b><\/p>\n<ol>\n<li><span style=\"font-weight: 400;\"> Rozd\u011blen\u00ed are\u00e1lu na z\u00f3ny (P0, P1, P2, P3, P4)<\/span><\/li>\n<li><span style=\"font-weight: 400;\"> Anal\u00fdza po\u010dtu a pohybu vozidel v jednotliv\u00fdch z\u00f3n\u00e1ch<\/span><\/li>\n<li><span style=\"font-weight: 400;\"> P0 definovat jako z\u00e1kladn\u00ed vjezd &#8222;are\u00e1l&#8220; (nap\u0159. u klinik)<\/span><\/li>\n<li><span style=\"font-weight: 400;\"> Anal\u00fdza pr\u016fm\u011brn\u00e9 doby v\u00fdskytu vozidla v are\u00e1lu \/ na konkr\u00e9tn\u00edm parkovi\u0161ti, pr\u016fm\u011brn\u011b str\u00e1ven\u00fd \u010das vozidel v are\u00e1lu dle kategorie vozidel\u2026<\/span><\/li>\n<\/ol>\n<p><span style=\"font-weight: 400;\">\u00a0<\/span><b>Mo\u017en\u00e9 v\u00fdstupy projektu:<\/b><\/p>\n<p><span style=\"font-weight: 400;\">Webov\u00e1 aplikace pro vizualizaci dat na map\u011b are\u00e1lu, zobrazuj\u00edc\u00ed:<\/span><\/p>\n<ol>\n<li><span style=\"font-weight: 400;\"> Po\u010d\u00edtadla vozidel v re\u00e1ln\u00e9m \u010dase (zp\u011btn\u011b v rozsahu vstupn\u00edch dat)<\/span><\/li>\n<li><span style=\"font-weight: 400;\"> Mo\u017enosti zobrazen\u00ed dat pro zvolen\u00fd \u010dasov\u00fd \u00fasek<\/span><\/li>\n<li><span style=\"font-weight: 400;\"> Grafick\u00e9 zn\u00e1zorn\u011bn\u00ed obsazenosti jednotliv\u00fdch parkovi\u0161\u0165<\/span><\/li>\n<li><span style=\"font-weight: 400;\"> Dynamicky generovan\u00e9 statistick\u00e9 p\u0159ehledy dle zad\u00e1van\u00fdch parametr\u016f<\/span><\/li>\n<\/ol>\n<p><span style=\"font-weight: 400;\">\u00a0<\/span><b>Dodate\u010dn\u00e9 mo\u017enosti \u0159e\u0161en\u00ed:<\/b><\/p>\n<ol>\n<li><span style=\"font-weight: 400;\"> Navrhnout mo\u017enosti optimalizace vjezd\u016f na z\u00e1klad\u011b analyzovan\u00fdch dat<\/span><\/li>\n<li><span style=\"font-weight: 400;\"> Vytvo\u0159it syst\u00e9m p\u0159edpov\u00edd\u00e1n\u00ed obsazenosti parkovi\u0161\u0165<\/span><\/li>\n<li><span style=\"font-weight: 400;\"> N\u00e1vrh na \u00fapravu syst\u00e9mu zpoplatn\u011bn\u00ed reguluj\u00edc\u00ed dopravu v are\u00e1lu FNOL<\/span><\/li>\n<\/ol>\n<p><span style=\"font-weight: 400;\">\u00a0<\/span><b>Informace k data souboru:<\/b><\/p>\n<p><span style=\"font-weight: 400;\">Na prvn\u00edm listu souboru HackathonUP-dataFNOL.xls je legenda popisuj\u00edc\u00ed konstrukci dat. Jedn\u00e1 se o \u00fadaje z vjezdov\u00fdch bran, kter\u00e1 byla d\u00e1le anonymizov\u00e1na a roz\u0161\u00ed\u0159ena o dal\u0161\u00ed t\u0159\u00edd\u011bn\u00ed jako den, m\u00edsto, typ vozidla, GPS sou\u0159adnice br\u00e1ny atp. V souboru je i mapa are\u00e1lu, ve kter\u00e9 jsou schematicky zazna\u010deny br\u00e1ny a parkovi\u0161t\u011b.<\/span><\/p>\n<\/li>\n<\/ul>\n<\/div>\n<p><a href=\"https:\/\/drive.google.com\/drive\/folders\/1OecLfG-UyxkymMd-g98GN0gSVjV0xucD?usp=drive_link\">otev\u0159i datovou sadu<\/a><\/p>\n<\/div>\n<h1>\n<h3 style=\"text-align: center;\">Pocitov\u00e9 mapy<\/h3>\n<\/h1>\n<div>\n<h3>Pocitov\u00e9 mapov\u00e1ni m\u011bsta Olomouc<\/h3>\n<p>pocitovemapy.cz<\/p>\n<div>\n<ul>\n<li>teplotn\u00ed data\u00a0<\/li>\n<li>bezpe\u010dn\u00e1 cesta do pr\u00e1ce<\/li>\n<li>cyklistick\u00e1 infrastruktura<\/li>\n<li>protipovod\u0148ov\u00e1 opat\u0159en\u00ed<\/li>\n<li>mapov\u00e1n\u00ed strachu<\/li>\n<li>pocitov\u00e1 mapa Olomouce<\/li>\n<\/ul>\n<\/div>\n<p><a href=\"https:\/\/drive.google.com\/drive\/folders\/1KOO1qDsLyiD1GQR376Gc2xfeijFLI0Xd?usp=sharing\">otev\u0159i datovou sadu<\/a><\/p>\n<\/div>\n<p><!--more--><br \/>\n<!-- {\"type\":\"layout\",\"children\":[{\"type\":\"section\",\"props\":{\"animation\":\"slide-left-small\",\"animation_delay\":\"400\",\"header_transparent\":\"light\",\"header_transparent_noplaceholder\":true,\"height\":\"section\",\"image\":\"\",\"image_loading\":true,\"image_position\":\"top-center\",\"image_size\":\"contain\",\"padding\":\"large\",\"padding_remove_top\":false,\"style\":\"primary\",\"title_breakpoint\":\"xl\",\"title_position\":\"top-left\",\"title_rotation\":\"left\",\"vertical_align\":\"bottom\",\"width\":\"default\"},\"children\":[{\"type\":\"row\",\"children\":[{\"type\":\"column\",\"props\":{\"image_position\":\"center-center\",\"media_overlay_gradient\":\"\",\"position_sticky_breakpoint\":\"m\"},\"children\":[{\"type\":\"image\",\"props\":{\"image\":\"wp-content\\\/uploads\\\/2025\\\/06\\\/HACKATHON-Facebook-1024-x-768-px-Presentation.png\",\"image_svg_color\":\"emphasis\",\"margin\":\"default\",\"margin_remove_bottom\":true,\"margin_remove_top\":true}},{\"type\":\"text\",\"props\":{\"column_breakpoint\":\"m\",\"content\":\"\n\n<h3 style=\\\"color: whitesmoke;\\\">p\\u0159ehled datov\\u00fdch sad<\\\/h3>\",\"margin\":\"medium\",\"margin_remove_bottom\":true,\"margin_remove_top\":true,\"text_align\":\"center\"}},{\"type\":\"icon\",\"props\":{\"icon\":\"triangle-down\",\"icon_width\":60,\"link\":\"#data\",\"link_style\":\"muted\",\"margin\":\"default\",\"text_align\":\"center\"}}]}],\"props\":{\"margin\":\"small\",\"margin_remove_top\":true}}]},{\"type\":\"section\",\"props\":{\"class\":\"data\",\"id\":\"data\",\"image_position\":\"center-center\",\"style\":\"muted\",\"title_breakpoint\":\"xl\",\"title_position\":\"top-left\",\"title_rotation\":\"left\",\"vertical_align\":\"middle\",\"width\":\"default\"},\"children\":[{\"type\":\"row\",\"children\":[{\"type\":\"column\",\"props\":{\"image_position\":\"center-center\",\"media_overlay_gradient\":\"\",\"position_sticky_breakpoint\":\"m\"},\"children\":[{\"type\":\"headline\",\"props\":{\"content\":\"\n\n<h1 style=\\\"text-align: center;\\\">P\\u0159ehled datov\\u00fdch sad<\\\/h1>\",\"margin\":\"small\",\"margin_remove_top\":true,\"position_top\":\"-300\",\"text_align\":\"center\",\"title_element\":\"h1\"}},{\"type\":\"text\",\"props\":{\"column_breakpoint\":\"m\",\"content\":\"\n\n<p><b>\\u00da\\u010dastn\\u00edk\\u016fm hackathonu p\\u0159in\\u00e1\\u0161\\u00edme p\\u0159ehled otev\\u0159en\\u00fdch datov\\u00fdch sad, kter\\u00e9 m\\u016f\\u017eou vyu\\u017e\\u00edt p\\u0159i \\u0159e\\u0161en\\u00ed sv\\u00fdch projekt\\u016f<\\\/b><\\\/p>\",\"margin\":\"large\",\"margin_remove_bottom\":true,\"text_align\":\"center\",\"text_color\":\"secondary\",\"text_style\":\"lead\"}},{\"type\":\"text\",\"props\":{\"column_breakpoint\":\"m\",\"content\":\"\n\n<p><strong>\\u0158e\\u0161en\\u00ed by m\\u011blo obsahovat datov\\u00e9 sady z EnCLOD senzorick\\u00e9 s\\u00edt\\u011b v Olomouci v libovoln\\u00e9m m\\u011b\\u0159\\u00edtku.<br \\\/><\\\/strong> Vyu\\u017eit\\u00ed dal\\u0161\\u00ed sad nen\\u00ed nijak podm\\u00edn\\u011bno. \\u00da\\u010dastn\\u00edci m\\u016f\\u017eou vyu\\u017e\\u00edt jak\\u00e1koliv dal\\u0161\\u00ed otev\\u0159en\\u00e1 data.\\u00a0<\\\/p>\\n\n\n<p>Seznam datov\\u00fdch sad pr\\u016fb\\u011b\\u017en\\u011b dopl\\u0148ujeme.<\\\/p>\",\"margin\":\"small\",\"margin_remove_top\":true,\"text_align\":\"center\",\"text_style\":\"lead\"}}]}],\"props\":{\"class\":\"upol\",\"id\":\"upol\"}},{\"type\":\"row\",\"children\":[{\"type\":\"column\",\"props\":{\"image_position\":\"center-center\",\"media_overlay_gradient\":\"\",\"position_sticky_breakpoint\":\"m\"},\"children\":[{\"type\":\"subnav\",\"props\":{\"subnav_style\":\"pill\",\"text_align\":\"center\"},\"children\":[{\"type\":\"subnav_item\",\"props\":{\"active\":true,\"content\":\"EnCLOD\",\"link\":\"#enclod\"}},{\"type\":\"subnav_item\",\"props\":{\"active\":false,\"content\":\"Univerzita Palack\\u00e9ho v Olomouci\",\"link\":\"#upol\"}},{\"type\":\"subnav_item\",\"props\":{\"active\":false,\"content\":\"Statut\\u00e1rn\\u00ed m\\u011bsto Olomouc\",\"link\":\"#smol\"}},{\"type\":\"subnav_item\",\"props\":{\"active\":false,\"content\":\"Olomouck\\u00fd kraj\",\"link\":\"#ok\"}},{\"type\":\"subnav_item\",\"props\":{\"active\":false,\"content\":\"Fakultn\\u00ed nemocnice Olomouc\",\"link\":\"#fnol\"}},{\"type\":\"subnav_item\",\"props\":{\"active\":false,\"content\":\"Pocitov\\u00e9 mapovan\\u00ed\",\"link\":\"#pm\"}}]}]}]},{\"type\":\"row\",\"children\":[{\"type\":\"column\",\"props\":{\"image_position\":\"center-center\",\"media_overlay_gradient\":\"\",\"position_sticky_breakpoint\":\"m\"},\"children\":[{\"type\":\"headline\",\"props\":{\"class\":\"enclod\",\"content\":\"\n\n<h3 style=\\\"text-align: center;\\\">EnCLOD senzorick\\u00e1 s\\u00ed\\u0165 m\\u011bsta Olomouc<\\\/h3>\",\"id\":\"enclod\",\"margin\":\"small\",\"margin_remove_top\":true,\"position_top\":\"-300\",\"text_align\":\"center\",\"title_element\":\"h1\"},\"name\":\"enclod\"},{\"type\":\"grid\",\"props\":{\"content_align\":true,\"content_column_breakpoint\":\"m\",\"content_style\":\"text-meta\",\"filter_align\":\"left\",\"filter_all\":true,\"filter_grid_breakpoint\":\"m\",\"filter_grid_width\":\"auto\",\"filter_position\":\"top\",\"filter_style\":\"tab\",\"grid_column_align\":true,\"grid_default\":\"1\",\"grid_medium\":\"3\",\"grid_row_align\":false,\"icon_width\":80,\"image_align\":\"top\",\"image_grid_breakpoint\":\"m\",\"image_grid_width\":\"1-2\",\"image_svg_color\":\"emphasis\",\"item_animation\":true,\"link_size\":\"small\",\"link_style\":\"text\",\"link_target\":true,\"link_text\":\"otev\\u0159i datovou sadu\",\"margin\":\"default\",\"meta_align\":\"below-title\",\"meta_element\":\"div\",\"meta_margin\":\"small\",\"meta_style\":\"text-meta\",\"panel_link\":true,\"panel_padding\":\"small\",\"panel_style\":\"card-primary\",\"show_content\":true,\"show_image\":true,\"show_link\":true,\"show_meta\":true,\"show_title\":true,\"title_align\":\"top\",\"title_color\":\"primary\",\"title_decoration\":\"divider\",\"title_element\":\"h3\",\"title_grid_breakpoint\":\"m\",\"title_grid_width\":\"1-2\",\"title_hover_style\":\"reset\",\"title_link\":true,\"title_style\":\"h4\"},\"children\":[{\"type\":\"grid_item\",\"props\":{\"content\":\"\n\n<p><b>dashboard pro z\\u00edsk\\u00e1n\\u00ed dat<\\\/b><\\\/p>\",\"link\":\"https:\\\/\\\/doprava.digital\\\/d\\\/df1d3519-ca97-4a4b-9086-7330f6629e4f\\\/landing-page?orgId=1\",\"link_text\":\"otev\\u0159i a stahuj\",\"meta\":\"EnCLOD\",\"status\":\"\",\"title\":\"Tepeln\\u00e9 ostrovy\\u00a0 a parkovi\\u0161t\\u011b\"}},{\"type\":\"grid_item\",\"props\":{\"content\":\"\n\n<p><b>dashboard pro z\\u00edsk\\u00e1n\\u00ed dat<\\\/b><\\\/p>\",\"link\":\"https:\\\/\\\/iot.citiq.cloud\\\/portal\\\/docs\\\/\",\"link_text\":\"otev\\u0159i a stahuj\",\"meta\":\"EnCLOD\",\"status\":\"\",\"title\":\"Datov\\u00fd port\\u00e1l CITIQ\"}},{\"type\":\"grid_item\",\"props\":{\"content\":\"\n\n<p>datov\\u00e1 sada mikroz\\u00f3n<\\\/p>\",\"link\":\"https:\\\/\\\/drive.google.com\\\/drive\\\/folders\\\/18eu9A3ayv8IIGMHmtYRuYd9Wwrzr4Dzh?usp=drive_link\",\"link_text\":\"otev\\u0159i a stahuj\",\"meta\":\"EnCLOD\",\"status\":\"\",\"title\":\"Mikroz\\u00f3ny Olomouce\"}}]},{\"type\":\"grid\",\"props\":{\"content_align\":true,\"content_column_breakpoint\":\"m\",\"content_style\":\"text-meta\",\"filter_align\":\"left\",\"filter_all\":true,\"filter_grid_breakpoint\":\"m\",\"filter_grid_width\":\"auto\",\"filter_position\":\"top\",\"filter_style\":\"tab\",\"grid_column_align\":true,\"grid_default\":\"1\",\"grid_medium\":\"4\",\"grid_row_align\":false,\"icon_width\":80,\"image_align\":\"top\",\"image_grid_breakpoint\":\"m\",\"image_grid_width\":\"1-2\",\"image_svg_color\":\"emphasis\",\"item_animation\":true,\"link_size\":\"small\",\"link_style\":\"text\",\"link_target\":true,\"link_text\":\"otev\\u0159i datovou sadu\",\"margin\":\"default\",\"meta_align\":\"below-title\",\"meta_element\":\"div\",\"meta_margin\":\"small\",\"meta_style\":\"text-meta\",\"panel_link\":true,\"panel_padding\":\"small\",\"panel_style\":\"card-primary\",\"show_content\":true,\"show_image\":true,\"show_link\":true,\"show_meta\":true,\"show_title\":true,\"title_align\":\"top\",\"title_color\":\"primary\",\"title_decoration\":\"divider\",\"title_element\":\"h3\",\"title_grid_breakpoint\":\"m\",\"title_grid_width\":\"1-2\",\"title_hover_style\":\"reset\",\"title_link\":true,\"title_style\":\"h4\"},\"children\":[{\"type\":\"grid_item\",\"props\":{\"content\":\"\n\n<ul>\\n\n\n<li style=\\\"font-weight: 400;\\\" aria-level=\\\"1\\\">\\n\n\n<p><b>M\\u011b\\u0159en\\u00e9 meteorologick\\u00e9 prvky:<\\\/b><\\\/p>\\n\n\n<ul>\\n\n\n<li><b>atmosf\\u00e9rick\\u00fd tlak (hPa)<\\\/b><\\\/li>\\n\n\n<li><b>relativn\\u00ed vlhkost vzduchu (%)<\\\/b><\\\/li>\\n\n\n<li><b>sm\\u011br v\\u011btru <br \\\/>(pod\\u00edly v %, rozd\\u011blen\\u00e9 do hlavn\\u00edch sm\\u011br\\u016f: N, NE, E, SE, S, SW, W, NW)<\\\/b><\\\/li>\\n\n\n<li><b>rychlost v\\u011btru (m\\\/s)<\\\/b><\\\/li>\\n\n\n<li><b>teplota vzduchu ve v\\u00fd\\u0161ce 200\\u202fcm (\\u00b0C)<\\\/b><\\\/li>\\n\n\n<li><b>teplota vzduchu ve v\\u00fd\\u0161ce 80\\u202fcm (\\u00b0C)<\\\/b><\\\/li>\\n\n\n<li><b>teplota povrchu (0\\u202fcm) (\\u00b0C)<\\\/b><\\\/li>\\n\n\n<li><b>teplota pod povrchem v\\u202fhloubce \\u20136\\u202fcm (\\u00b0C)<\\\/b><\\\/li>\\n\n\n<li><b>teplota pod povrchem v\\u202fhloubce \\u201330\\u202fcm (\\u00b0C)<\\\/b><\\\/li>\\n<\\\/ul>\\n<\\\/li>\\n<\\\/ul>\",\"link\":\"https:\\\/\\\/olomouc.digital\\\/data-aplikace\\\/\",\"link_text\":\"uk\\u00e1zka dat\",\"meta\":\"EnCLOD\",\"status\":\"\",\"title\":\"Meteorologick\\u00e1 data senzorov\\u00e9 s\\u00edt\\u011b m\\u011bsta Olomouc\"}},{\"type\":\"grid_item\",\"props\":{\"content\":\"\n\n<ul>\\n\n\n<li style=\\\"font-weight: 400;\\\" aria-level=\\\"1\\\">\\n\n\n<p><b>Sledovan\\u00e9 ukazatele:<\\\/b><\\\/p>\\n\n\n<ul>\\n\n\n<li><b>parkovac\\u00ed kapacita (po\\u010det m\\u00edst)<\\\/b><\\\/li>\\n\n\n<li><b>obsazenost z no\\u010dn\\u00edho pr\\u016fzkumu (po\\u010det vozidel)<\\\/b><\\\/li>\\n\n\n<li><b>celkov\\u00fd m\\u011bs\\u00ed\\u010dn\\u00ed n\\u00e1jezd (po\\u010det vjezd\\u016f)<\\\/b><\\\/li>\\n\n\n<li><b>celkov\\u00fd m\\u011bs\\u00ed\\u010dn\\u00ed v\\u00fdjezd (po\\u010det v\\u00fdjezd\\u016f)<\\\/b><\\\/li>\\n\n\n<li><b>m\\u011bs\\u00ed\\u010dn\\u00ed bilance (n\\u00e1jezd \\u2013 v\\u00fdjezd)<\\\/b><\\\/li>\\n\n\n<li><b>pr\\u016fm\\u011brn\\u00fd denn\\u00ed n\\u00e1jezd (po\\u010det vjezd\\u016f \\\/ den)<\\\/b><\\\/li>\\n\n\n<li><b>pr\\u016fm\\u011brn\\u00fd denn\\u00ed v\\u00fdjezd (po\\u010det v\\u00fdjezd\\u016f \\\/ den)<\\\/b><\\\/li>\\n\n\n<li><b>pr\\u016fm\\u011brn\\u00e1 denn\\u00ed bilance (n\\u00e1jezd \\u2013 v\\u00fdjezd \\\/ den)<\\\/b><\\\/li>\\n\n\n<li><b>pr\\u016fm\\u011brn\\u00e1 denn\\u00ed obsazenost (absolutn\\u011b i v\\u202f%, rozli\\u0161eno pro pracovn\\u00ed den a v\\u00edkend)<\\\/b><\\\/li>\\n\n\n<li><b>pr\\u016fm\\u011brn\\u00e1 no\\u010dn\\u00ed obsazenost (absolutn\\u011b i v\\u202f%, rozli\\u0161eno pro pracovn\\u00ed den a v\\u00edkend)<\\\/b><\\\/li>\\n\n\n<li><b>obsazenost v \\u010dase (hodinov\\u00e9 hodnoty pro jednotliv\\u00e9 dny v m\\u011bs\\u00edci, uv\\u00e1d\\u011bn\\u00e1 v absolutn\\u00edch po\\u010dtech vozidel)<\\\/b><\\\/li>\\n\n\n<li><b>8 lokalit <\\\/b><\\\/li>\\n<\\\/ul>\\n<\\\/li>\\n<\\\/ul>\",\"link\":\"https:\\\/\\\/olomouc.digital\\\/data-aplikace\\\/\",\"link_text\":\"uk\\u00e1zka dat\",\"meta\":\"EnCLOD\",\"status\":\"\",\"title\":\"Obsazenost parkovac\\u00edch ploch v Olomouci\"}},{\"type\":\"grid_item\",\"props\":{\"content\":\"\n\n<ul>\\n\n\n<li style=\\\"font-weight: 400;\\\" aria-level=\\\"1\\\">\\n\n\n<p><b>Sledovan\\u00e9 ukazatele:<\\\/b><\\\/p>\\n\n\n<ul>\\n\n\n<li><b>Denn\\u00ed intenzita dopravy (celkov\\u00fd po\\u010det vjezd\\u016f za den)<\\\/b><\\\/li>\\n\n\n<li><b>Celkov\\u00fd po\\u010det v\\u00fdjezd\\u016f za den<\\\/b><\\\/li>\\n\n\n<li><b>Hodinov\\u00e9 intenzity dopravy za ka\\u017ed\\u00fd j\\u00edzdn\\u00ed pruh<\\\/b><\\\/li>\\n\n\n<li><b>Detailn\\u00ed intenzita dopravy (po\\u010det vozidel za 15 min pro ka\\u017ed\\u00fd j\\u00edzdn\\u00ed pruh)<\\\/b><\\\/li>\\n<\\\/ul>\\n\n\n<p><b>Po\\u010det vozidel podle kategorie:<\\\/b><\\\/p>\\n\n\n<ul>\\n\n\n<li><b>osobn\\u00ed vozidla<\\\/b><\\\/li>\\n\n\n<li><b>dod\\u00e1vky<\\\/b><\\\/li>\\n\n\n<li><b>n\\u00e1kladn\\u00ed vozidla<\\\/b><\\\/li>\\n\n\n<li><b>nekategorizov\\u00e1no<\\\/b><\\\/li>\\n<\\\/ul>\\n\n\n<p><b>Po\\u010det vozidel podle rychlosti - interval 15 minut (voliteln\\u00e9)<\\\/b><\\\/p>\\n\n\n<ul>\\n\n\n<li><b>0-30<\\\/b><\\\/li>\\n\n\n<li><b>30-60<\\\/b><\\\/li>\\n\n\n<li><b>60+<\\\/b><\\\/li>\\n\n\n<li><b>nekategorizov\\u00e1no<\\\/b><\\\/li>\\n\n\n<li><b>Protijedouc\\u00ed vozidla - interval 15 minut (detekce protism\\u011br\\u016f)<\\\/b><\\\/li>\\n\n\n<li><b>cca 30 lokalit (bod\\u016f)<\\\/b><\\\/li>\\n<\\\/ul>\\n<\\\/li>\\n<\\\/ul>\",\"link\":\"https:\\\/\\\/olomouc.digital\\\/data-aplikace\\\/\",\"link_text\":\"uk\\u00e1zka dat\",\"meta\":\"EnCLOD\",\"status\":\"\",\"title\":\"Po\\u010dty pr\\u016fjezd\\u016f dopravn\\u00edmi profily v Olomouci\"}},{\"type\":\"grid_item\",\"props\":{\"content\":\"\n\n<ul>\\n\n\n<li style=\\\"font-weight: 400;\\\" aria-level=\\\"1\\\">\\n\n\n<ul>\\n\n\n<li>po\\u010det parkovac\\u00edch m\\u00edst<\\\/li>\\n\n\n<li>obsazenost z no\\u010dn\\u00edho pr\\u016fzkumu (po\\u010det vozidel)<\\\/li>\\n\n\n<li>cca 30 statick\\u00fdch ukazatel\\u016f<\\\/li>\\n\n\n<li>po\\u010det obyvatel \\u2013 ofici\\u00e1ln\\u00ed, denn\\u00ed, no\\u010dn\\u00ed<\\\/li>\\n\n\n<li>po\\u010det \\u0161kol, obchod\\u016f, restaurac\\u00ed, lavi\\u010dek, h\\u0159i\\u0161\\u0165<\\\/li>\\n\n\n<li>d\\u00e9lky komunikac\\u00ed \\u2013 chodn\\u00edk\\u016f, cyklostezek, silnic<\\\/li>\\n\n\n<li>d\\u00e9lky in\\u017een\\u00fdrsk\\u00fdch s\\u00edt\\u00ed<\\\/li>\\n\n\n<li>mno\\u017estv\\u00ed zelen\\u011b<\\\/li>\\n\n\n<li>atd.<\\\/li>\\n<\\\/ul>\\n<\\\/li>\\n<\\\/ul>\",\"link\":\"https:\\\/\\\/olomouc.digital\\\/data-aplikace\\\/\",\"link_text\":\"uk\\u00e1zka dat\",\"meta\":\"EnCLOD\",\"status\":\"\",\"title\":\"Z\\u00e1kladn\\u00ed ukazatele za mikroz\\u00f3ny\"}}]}]}]},{\"type\":\"row\",\"children\":[{\"type\":\"column\",\"props\":{\"image_position\":\"center-center\",\"media_overlay_gradient\":\"\",\"position_sticky_breakpoint\":\"m\"},\"children\":[{\"type\":\"headline\",\"props\":{\"content\":\"\n\n<h3 style=\\\"text-align: center;\\\">Univerzita Palack\\u00e9ho v Olomouci<\\\/h3>\",\"margin\":\"small\",\"margin_remove_top\":true,\"position_top\":\"-300\",\"text_align\":\"center\",\"title_element\":\"h1\"}},{\"type\":\"grid\",\"props\":{\"content_align\":true,\"content_column_breakpoint\":\"m\",\"content_style\":\"text-meta\",\"filter_align\":\"left\",\"filter_all\":true,\"filter_grid_breakpoint\":\"m\",\"filter_grid_width\":\"auto\",\"filter_position\":\"top\",\"filter_style\":\"tab\",\"grid_column_align\":true,\"grid_default\":\"1\",\"grid_medium\":\"4\",\"grid_row_align\":false,\"icon_width\":80,\"image_align\":\"top\",\"image_grid_breakpoint\":\"m\",\"image_grid_width\":\"1-2\",\"image_svg_color\":\"emphasis\",\"item_animation\":true,\"link_size\":\"small\",\"link_style\":\"text\",\"link_target\":true,\"link_text\":\"otev\\u0159i datovou sadu\",\"margin\":\"default\",\"meta_align\":\"below-title\",\"meta_element\":\"div\",\"meta_margin\":\"small\",\"meta_style\":\"text-meta\",\"panel_link\":true,\"panel_padding\":\"small\",\"panel_style\":\"card-primary\",\"show_content\":true,\"show_image\":true,\"show_link\":true,\"show_meta\":true,\"show_title\":true,\"title_align\":\"top\",\"title_color\":\"primary\",\"title_decoration\":\"divider\",\"title_element\":\"h3\",\"title_grid_breakpoint\":\"m\",\"title_grid_width\":\"1-2\",\"title_hover_style\":\"reset\",\"title_link\":true,\"title_style\":\"h4\"},\"children\":[{\"type\":\"grid_item\",\"props\":{\"content\":\"\n\n<ul>\\n\n\n<li style=\\\"font-weight: 400;\\\" aria-level=\\\"1\\\"><b>Popis:<\\\/b><span style=\\\"font-weight: 400;\\\"> 15 z\\u00e1kladn\\u00ed statistick\\u00fdch ukazatel\\u016f - po\\u010det obyvatel, pr\\u016fm\\u011brn\\u00fd v\\u011bk, vzd\\u011blanost, nezam\\u011bstnanost, atd.\\u00a0<\\\/span><\\\/li>\\n\n\n<li style=\\\"font-weight: 400;\\\" aria-level=\\\"1\\\"><b>Typ dat: <\\\/b><span style=\\\"font-weight: 400;\\\">tabel\\u00e1rn\\u00ed, prostorov\\u00e1<\\\/span><\\\/li>\\n\n\n<li style=\\\"font-weight: 400;\\\" aria-level=\\\"1\\\"><b>Form\\u00e1t:<\\\/b><span style=\\\"font-weight: 400;\\\"> XLSX, CSV, SHP\\\/FileGDB<\\\/span><\\\/li>\\n<\\\/ul>\",\"link\":\"https:\\\/\\\/www.geoinformatics.upol.cz\\\/\",\"meta\":\"UPOL\",\"status\":\"disabled\",\"title\":\"Z\\u00e1kladn\\u00ed statistick\\u00e9 ukazatele pro obce a z\\u00e1kladn\\u00ed s\\u00eddeln\\u00ed jednotky\"}},{\"type\":\"grid_item\",\"props\":{\"content\":\"\n\n<ul>\\n\n\n<li style=\\\"font-weight: 400;\\\" aria-level=\\\"1\\\"><b>Popis:<\\\/b><span style=\\\"font-weight: 400;\\\"> z\\u00e1kladn\\u00ed topografick\\u00e9 prostorov\\u00e9 vrstvy - komunikace, \\u017eeleznice, administrativn\\u00ed hranice, lesy, POI<\\\/span><\\\/li>\\n\n\n<li style=\\\"font-weight: 400;\\\" aria-level=\\\"1\\\"><b>Typ dat: <\\\/b><span style=\\\"font-weight: 400;\\\">prostorov\\u00e1<\\\/span><\\\/li>\\n\n\n<li><b>Form\\u00e1t:<\\\/b><span style=\\\"font-weight: 400;\\\"> SHP\\\/FileGDB<\\\/span><\\\/li>\\n<\\\/ul>\",\"link\":\"https:\\\/\\\/download.geofabrik.de\\\/europe.html\",\"meta\":\"UPOL\",\"status\":\"\",\"title\":\"Z\\u00e1kladn\\u00ed topografick\\u00e1 data - Open Street Map (2023)\"}},{\"type\":\"grid_item\",\"props\":{\"content\":\"\n\n<ul>\\n\n\n<li><b>Popis:<\\\/b><span style=\\\"font-weight: 400;\\\"> routovateln\\u00e1 vrstva silni\\u010dn\\u00ed s\\u00edt\\u011b<\\\/span><\\\/li>\\n\n\n<li><b>Typ dat: <\\\/b><span style=\\\"font-weight: 400;\\\">prostorov\\u00e1<\\\/span><\\\/li>\\n\n\n<li><b>Form\\u00e1t:<\\\/b><span style=\\\"font-weight: 400;\\\"> SHP\\\/FileGDB<\\\/span><\\\/li>\\n<\\\/ul>\",\"link\":\"https:\\\/\\\/opentransportmap.info\\\/download\\\/\",\"meta\":\"UPOL\",\"status\":\"\",\"title\":\"Z\\u00e1kladn\\u00ed naviga\\u010dn\\u00ed data - Open Transport Map (2023)\"}},{\"type\":\"grid_item\",\"props\":{\"content\":\"\n\n<ul>\\n\n\n<li><b>Popis:<\\\/b><span style=\\\"font-weight: 400;\\\"> cyklotrasy ve m\\u011bst\\u011b Olomouc<\\\/span><\\\/li>\\n\n\n<li><b>Typ dat: <\\\/b><span style=\\\"font-weight: 400;\\\">prostorov\\u00e1<\\\/span><\\\/li>\\n<\\\/ul>\",\"link\":\"https:\\\/\\\/drive.google.com\\\/drive\\\/folders\\\/1ydLadkPsboPwtShVrP6ZUp5gBmJDdS3O?usp=drive_link\",\"meta\":\"UPOL\",\"title\":\"Cyklotrasy\"}},{\"type\":\"grid_item\",\"props\":{\"content\":\"\n\n<ul>\\n\n\n<li><b>Popis:<\\\/b><span style=\\\"font-weight: 400;\\\"> po\\u010dty student\\u016f UPOL po jednotliv\\u00fdch katedr\\u00e1ch<\\\/span><\\\/li>\\n\n\n<li><b>Typ dat: <\\\/b><span style=\\\"font-weight: 400;\\\">tabel\\u00e1rn\\u00ed<\\\/span><\\\/li>\\n<\\\/ul>\",\"link\":\"https:\\\/\\\/drive.google.com\\\/drive\\\/folders\\\/1ItkOpHCp25I6J6ViKAQCQNZPVLW-3tn_?usp=drive_link\",\"meta\":\"UPOL\",\"title\":\"Po\\u010dty student\\u016f UPOL (2022)\"}},{\"type\":\"grid_item\",\"props\":{\"content\":\"\n\n<ul>\\n\n\n<li><b>Popis:<\\\/b><span style=\\\"font-weight: 400;\\\"> jednotliv\\u00e1 pracovi\\u0161t\\u011b UPOL (n\\u00e1zev, sou\\u0159adnice, adresa)<\\\/span><\\\/li>\\n\n\n<li><b>Typ dat: <\\\/b><span style=\\\"font-weight: 400;\\\">tabel\\u00e1rn\\u00ed<\\\/span><\\\/li>\\n<\\\/ul>\",\"link\":\"https:\\\/\\\/drive.google.com\\\/drive\\\/folders\\\/1_GAGlSFYhhtd-gdIP_p_fR_SEW9pk0Cn?usp=drive_link\",\"meta\":\"UPOL\",\"title\":\"Pracovi\\u0161t\\u011b UPOL (2023)\"}},{\"type\":\"grid_item\",\"props\":{\"content\":\"\n\n<ul>\\n\n\n<li><b>Popis:<\\\/b><span style=\\\"font-weight: 400;\\\"> energetick\\u00e1 spot\\u0159eba UPOL po jednotliv\\u00fdch budov\\u00e1ch v letech 2021, 2022 a 2023 (plyn, teplo, voda, elekt\\u0159ina) - spot\\u0159ebovan\\u00e9 mno\\u017estv\\u00ed, cena<\\\/span><\\\/li>\\n\n\n<li><b>Typ dat: <\\\/b><span style=\\\"font-weight: 400;\\\">tabel\\u00e1rn\\u00ed<\\\/span><\\\/li>\\n<\\\/ul>\",\"link\":\"https:\\\/\\\/drive.google.com\\\/drive\\\/folders\\\/1faiQn97tuGtG7rn-XDlvLLbYSO6EyuUQ?usp=drive_link\",\"meta\":\"UPOL\",\"title\":\"Spot\\u0159eba energi\\u00ed UPOL (2023)\"}},{\"type\":\"grid_item\",\"props\":{\"content\":\"\n\n<ul>\\n\n\n<li><b>Popis:<\\\/b><span style=\\\"font-weight: 400;\\\"> <span>zahrani\\u010dn\\u00ed studenty - v \\u010desk\\u00fdch programech. Pokud tam m\\u00e1 n\\u011bkdo \\u010deskou adresu, tak m\\u00e1 u\\u017e trval\\u00e9 bydli\\u0161t\\u011b tady, i kdy\\u017e ob\\u010danstv\\u00ed ciz\\u00ed.<\\\/span><\\\/span><\\\/li>\\n\n\n<li><b>Typ dat: <\\\/b><span style=\\\"font-weight: 400;\\\">tabel\\u00e1rn\\u00ed<\\\/span><\\\/li>\\n<\\\/ul>\",\"link\":\"https:\\\/\\\/docs.google.com\\\/spreadsheets\\\/d\\\/1hreORnxzBoxitxeLe9vs1R9RubUorFab\\\/edit?usp=drive_link&ouid=112558220386519013353&rtpof=true&sd=true\",\"meta\":\"UPOL\",\"title\":\"Po\\u010dty zahrani\\u010dn\\u00edch student\\u016f v \\u010desk\\u00fdch programech UPOL (2024)\"}},{\"type\":\"grid_item\",\"props\":{\"content\":\"\n\n<ul>\\n\n\n<li><b>Popis:<\\\/b><span style=\\\"font-weight: 400;\\\"> Report udr\\u017eiteln\\u00e9ho rozvoje na Univerzit\\u011b Palack\\u00e9ho v Olomouci za rok 2023<\\\/span><\\\/li>\\n\n\n<li><b>Typ dat: <\\\/b><span style=\\\"font-weight: 400;\\\">tabel\\u00e1rn\\u00ed, textov\\u00e1<\\\/span><\\\/li>\\n<\\\/ul>\",\"link\":\"https:\\\/\\\/udrzitelna.upol.cz\\\/files\\\/cm\\\/Udrzitelna_univerzita\\\/Report_udrzitelneho_rozvoje_UP_2023.pdf\",\"meta\":\"UPOL\",\"title\":\"Report udr\\u017eiteln\\u00e9ho rozvoje UPOL 2023\"}}]}]}]},{\"type\":\"row\",\"children\":[{\"type\":\"column\",\"props\":{\"image_position\":\"center-center\",\"media_overlay_gradient\":\"\",\"position_sticky_breakpoint\":\"m\"},\"children\":[{\"type\":\"headline\",\"props\":{\"content\":\"\n\n<h3 style=\\\"text-align: center;\\\">Statut\\u00e1rn\\u00ed m\\u011bsto Olomouc<\\\/h3>\",\"margin\":\"small\",\"margin_remove_top\":true,\"position_top\":\"-300\",\"text_align\":\"center\",\"title_element\":\"h1\"}},{\"type\":\"grid\",\"props\":{\"content_align\":true,\"content_column\":\"\",\"content_column_breakpoint\":\"m\",\"content_style\":\"text-meta\",\"filter_align\":\"left\",\"filter_all\":true,\"filter_grid_breakpoint\":\"m\",\"filter_grid_width\":\"auto\",\"filter_position\":\"top\",\"filter_style\":\"tab\",\"grid_column_align\":true,\"grid_default\":\"1\",\"grid_medium\":\"1\",\"grid_row_align\":false,\"icon_width\":80,\"image_align\":\"top\",\"image_grid_breakpoint\":\"m\",\"image_grid_width\":\"1-2\",\"image_svg_color\":\"emphasis\",\"item_animation\":true,\"link_size\":\"small\",\"link_style\":\"text\",\"link_target\":true,\"link_text\":\"otev\\u0159i datovou sadu\",\"margin\":\"default\",\"meta_align\":\"below-title\",\"meta_element\":\"div\",\"meta_margin\":\"small\",\"meta_style\":\"text-meta\",\"panel_link\":true,\"panel_padding\":\"small\",\"panel_style\":\"card-primary\",\"show_content\":true,\"show_image\":true,\"show_link\":true,\"show_meta\":true,\"show_title\":true,\"title_align\":\"top\",\"title_color\":\"primary\",\"title_decoration\":\"divider\",\"title_element\":\"h3\",\"title_grid_breakpoint\":\"m\",\"title_grid_width\":\"1-2\",\"title_hover_style\":\"reset\",\"title_link\":true,\"title_style\":\"h4\"},\"children\":[{\"type\":\"grid_item\",\"props\":{\"content\":\"\n\n<ul>\\n\n\n<li style=\\\"font-weight: 400;\\\" aria-level=\\\"1\\\">\\n\n\n<p><b>Cyklostezky Olomouc<\\\/b><\\\/p>\\n\n\n<ul>\\n\n\n<li style=\\\"font-weight: 400;\\\" aria-level=\\\"1\\\"><b>Popis:<\\\/b><span style=\\\"font-weight: 400;\\\"> Data (liniov\\u00e1 vrstva) zn\\u00e1zor\\u0148uj\\u00edc\\u00ed cyklostezky na \\u00fazem\\u00ed Statutarn\\u00edho m\\u011bsta Olomouce.\\u00a0<\\\/span><\\\/li>\\n\n\n<li style=\\\"font-weight: 400;\\\" aria-level=\\\"1\\\"><b>Typ dat: <\\\/b><span style=\\\"font-weight: 400;\\\">tabel\\u00e1rn\\u00ed, prostorov\\u00e1<\\\/span><\\\/li>\\n\n\n<li style=\\\"font-weight: 400;\\\" aria-level=\\\"1\\\"><b>Form\\u00e1t:<\\\/b><span style=\\\"font-weight: 400;\\\"> CSV, KML, SHP, GeoJSON, GDB<\\\/span><\\\/li>\\n\n\n<li style=\\\"font-weight: 400;\\\" aria-level=\\\"1\\\"><b>Odkaz:<\\\/b><span style=\\\"font-weight: 400;\\\"> datov\\u00e9 \\u00falo\\u017ei\\u0161t\\u011b SMOl<\\\/span><\\\/li>\\n<\\\/ul>\\n\n\n<p><span style=\\\"font-weight: 400;\\\">__________________________________________________________________________________<\\\/span><\\\/p>\\n<br \\\/>\\n\n\n<p><b>Brownfieldy Olomouc<\\\/b><\\\/p>\\n\n\n<ul>\\n\n\n<li style=\\\"font-weight: 400;\\\" aria-level=\\\"1\\\"><b>Popis:<\\\/b><span style=\\\"font-weight: 400;\\\"> Data (polygonov\\u00e1 vrstva) zn\\u00e1zor\\u0148uj\\u00edc\\u00ed lokalizaci tzv. brownfield\\u016f na \\u00fazem\\u00ed Statutarn\\u00edho m\\u011bsta Olomouce. (v\\u010detn\\u011b informac\\u00ed o n\\u00e1zvu, popisu, rozlohy aj.)<\\\/span><\\\/li>\\n\n\n<li style=\\\"font-weight: 400;\\\" aria-level=\\\"1\\\"><b>Typ dat: <\\\/b><span style=\\\"font-weight: 400;\\\">tabel\\u00e1rn\\u00ed, prostorov\\u00e1<\\\/span><\\\/li>\\n\n\n<li style=\\\"font-weight: 400;\\\" aria-level=\\\"1\\\"><b>Form\\u00e1t:<\\\/b><span style=\\\"font-weight: 400;\\\"> CSV, KML, SHP, GeoJSON, GDB<\\\/span><\\\/li>\\n\n\n<li style=\\\"font-weight: 400;\\\" aria-level=\\\"1\\\"><b>Odkaz:<\\\/b><span style=\\\"font-weight: 400;\\\"> datov\\u00e9 \\u00falo\\u017ei\\u0161t\\u011b SMOl<\\\/span><\\\/li>\\n<\\\/ul>\\n\n\n<p><span style=\\\"font-weight: 400;\\\">__________________________________________________________________________________<\\\/span><\\\/p>\\n<br \\\/>\\n\n\n<p><b>Cenov\\u00e1 mapa 2006 - 2023\\u00a0<\\\/b><\\\/p>\\n\n\n<ul>\\n\n\n<li style=\\\"font-weight: 400;\\\" aria-level=\\\"1\\\"><b>Popis:<\\\/b><span style=\\\"font-weight: 400;\\\"> Cenov\\u00e1 mapa stavebn\\u00edch pozemk\\u016f (polygony) na \\u00fazem\\u00ed statut\\u00e1rn\\u00edho m\\u011bsta Olomouce je zpracov\\u00e1na podle \\u00a7 10 z\\u00e1kona \\u010d. 151\\\/1997 Sb., o oce\\u0148ov\\u00e1n\\u00ed majetku a o zm\\u011bn\\u011b n\\u011bkter\\u00fdch z\\u00e1kon\\u016f (z\\u00e1kon o oce\\u0148ov\\u00e1n\\u00ed majetku), ve zn\\u011bn\\u00ed pozd\\u011bj\\u0161\\u00edch p\\u0159edpis\\u016f, a podle vyhl\\u00e1\\u0161ky \\u010d. 441\\\/2013 Sb., k proveden\\u00ed z\\u00e1kona o oce\\u0148ov\\u00e1n\\u00ed majetku (oce\\u0148ovac\\u00ed vyhl\\u00e1\\u0161ka), ve zn\\u011bn\\u00ed pozd\\u011bj\\u0161\\u00edch p\\u0159edpis\\u016f.<\\\/span><\\\/li>\\n\n\n<li style=\\\"font-weight: 400;\\\" aria-level=\\\"1\\\"><b>Typ dat: <\\\/b><span style=\\\"font-weight: 400;\\\">tabel\\u00e1rn\\u00ed, prostorov\\u00e1<\\\/span><\\\/li>\\n\n\n<li style=\\\"font-weight: 400;\\\" aria-level=\\\"1\\\"><b>Form\\u00e1t:<\\\/b><span style=\\\"font-weight: 400;\\\"> CSV, KML, SHP, GeoJSON, GDB<\\\/span><\\\/li>\\n\n\n<li style=\\\"font-weight: 400;\\\" aria-level=\\\"1\\\"><b>Odkaz:<\\\/b><span style=\\\"font-weight: 400;\\\"> datov\\u00e9 \\u00falo\\u017ei\\u0161t\\u011b SMOl<\\\/span><\\\/li>\\n<\\\/ul>\\n\n\n<p><span style=\\\"font-weight: 400;\\\">__________________________________________________________________________________<\\\/span><\\\/p>\\n<br \\\/>\\n\n\n<p><b>Cyklostojany Olomouc<\\\/b><\\\/p>\\n\n\n<ul>\\n\n\n<li style=\\\"font-weight: 400;\\\" aria-level=\\\"1\\\"><b>Popis:<\\\/b><span style=\\\"font-weight: 400;\\\"> Bodov\\u00e1 vrstva obsahuj\\u00edc\\u00ed lokalizaci (cyklo)stojan\\u016f na \\u00fazem\\u00ed Statutarn\\u00edho m\\u011bsta Olomouce.\\u00a0<\\\/span><\\\/li>\\n\n\n<li style=\\\"font-weight: 400;\\\" aria-level=\\\"1\\\"><b>Typ dat: <\\\/b><span style=\\\"font-weight: 400;\\\">tabel\\u00e1rn\\u00ed, prostorov\\u00e1<\\\/span><\\\/li>\\n\n\n<li style=\\\"font-weight: 400;\\\" aria-level=\\\"1\\\"><b>Form\\u00e1t:<\\\/b><span style=\\\"font-weight: 400;\\\"> CSV, KML, SHP, GeoJSON, GDB<\\\/span><\\\/li>\\n\n\n<li style=\\\"font-weight: 400;\\\" aria-level=\\\"1\\\"><b>Odkaz:<\\\/b><span style=\\\"font-weight: 400;\\\"> datov\\u00e9 \\u00falo\\u017ei\\u0161t\\u011b SMOl<\\\/span><\\\/li>\\n<\\\/ul>\\n<\\\/li>\\n<\\\/ul>\\n\n\n<p>a dal\\u0161\\u00ed...<\\\/p>\",\"link\":\"https:\\\/\\\/opendata.olomouc.eu\\\/ \",\"meta\":\"SMOL\",\"title\":\"Port\\u00e1l otev\\u0159en\\u00fdch dat m\\u011bsta Olomouc\"}}]}]}],\"props\":{\"class\":\"smol\",\"id\":\"smol\"}},{\"type\":\"row\",\"children\":[{\"type\":\"column\",\"props\":{\"image_position\":\"center-center\",\"media_overlay_gradient\":\"\",\"position_sticky_breakpoint\":\"m\"},\"children\":[{\"type\":\"headline\",\"props\":{\"content\":\"\n\n<h3 style=\\\"text-align: center;\\\">Olomouck\\u00fd kraj<\\\/h3>\",\"margin\":\"small\",\"margin_remove_top\":true,\"position_top\":\"-300\",\"text_align\":\"center\",\"title_element\":\"h1\"}},{\"type\":\"grid\",\"props\":{\"content_align\":true,\"content_column\":\"\",\"content_column_breakpoint\":\"m\",\"content_style\":\"text-meta\",\"filter_align\":\"left\",\"filter_all\":true,\"filter_grid_breakpoint\":\"m\",\"filter_grid_width\":\"auto\",\"filter_position\":\"top\",\"filter_style\":\"tab\",\"grid_column_align\":true,\"grid_default\":\"1\",\"grid_medium\":\"2\",\"grid_row_align\":false,\"icon_width\":80,\"image_align\":\"top\",\"image_grid_breakpoint\":\"m\",\"image_grid_width\":\"1-2\",\"image_svg_color\":\"emphasis\",\"item_animation\":true,\"link_size\":\"small\",\"link_style\":\"text\",\"link_target\":true,\"link_text\":\"otev\\u0159i datovou sadu\",\"margin\":\"default\",\"meta_align\":\"below-title\",\"meta_element\":\"div\",\"meta_margin\":\"small\",\"meta_style\":\"text-meta\",\"panel_link\":true,\"panel_padding\":\"small\",\"panel_style\":\"card-primary\",\"show_content\":true,\"show_image\":true,\"show_link\":true,\"show_meta\":true,\"show_title\":true,\"title_align\":\"top\",\"title_color\":\"primary\",\"title_decoration\":\"divider\",\"title_element\":\"h3\",\"title_grid_breakpoint\":\"m\",\"title_grid_width\":\"1-2\",\"title_hover_style\":\"reset\",\"title_link\":true,\"title_style\":\"h4\"},\"children\":[{\"type\":\"grid_item\",\"props\":{\"content\":\"\n\n<ul>\\n\n\n<li>p\\u0159\\u00edsp\\u011bvkov\\u00e9 organizace Olomouck\\u00e9ho kraje<\\\/li>\\n\n\n<li>Z\\u00daR OK - Rozvojov\\u00e9 oblasti a osy, specifick\\u00e9<\\\/li>\\n\n\n<li>blasti - LINIE<\\\/li>\\n\n\n<li>z\\u00e1jmov\\u00e1 a dal\\u0161\\u00ed vzd\\u011bl\\u00e1vac\\u00ed za\\u0159\\u00edzen\\u00ed<\\\/li>\\n\n\n<li>z\\u00e1kladn\\u00ed um\\u011bleck\\u00e9 a jazykov\\u00e9 \\u0161koly<\\\/li>\\n\n\n<li>v\\u00fdchovn\\u00e1 a ubytovac\\u00ed za\\u0159\\u00edzen\\u00ed<\\\/li>\\n\n\n<li>za\\u0159\\u00edzen\\u00ed pro \\u00fastavn\\u00ed v\\u00fdchovu<\\\/li>\\n\n\n<li>mate\\u0159sk\\u00e9 \\u0161koly<\\\/li>\\n\n\n<li>konzervato\\u0159e test (host)<\\\/li>\\n\n\n<li>Z\\u00daR OK _ rozvojov\\u00e9 oblasti a osy_ specifick\\u00e9 blasti _ BOD<\\\/li>\\n\n\n<li>organiza\\u010dn\\u00ed struktura Krajsk\\u00e9ho \\u00fa\\u0159adu<\\\/li>\\n\n\n<li>Olomouck\\u00e9ho kraje<\\\/li>\\n\n\n<li>konzervato\\u0159e<\\\/li>\\n\n\n<li>st\\u0159edn\\u00ed \\u0161koly<\\\/li>\\n\n\n<li>publika\\u010dn\\u00ed pl\\u00e1n Olomouck\\u00e9ho kraje<\\\/li>\\n\n\n<li>\\u0161kolsk\\u00e1 \\u00fa\\u010delov\\u00e1 za\\u0159\\u00edzen\\u00ed<\\\/li>\\n\n\n<li>konzervato\\u0159e test<\\\/li>\\n\n\n<li>\\u0161kolsk\\u00e1 poradensk\\u00e1 za\\u0159\\u00edzen\\u00ed<\\\/li>\\n\n\n<li>s\\u00eddla \\u0161kol a \\u0161kolsk\\u00fdch za\\u0159\\u00edzen\\u00ed<\\\/li>\\n\n\n<li>za\\u0159\\u00edzen\\u00ed \\u0161koln\\u00edho stravov\\u00e1n\\u00ed<\\\/li>\\n\n\n<li>vy\\u0161\\u0161\\u00ed odborn\\u00e9 \\u0161koly<\\\/li>\\n\n\n<li>z\\u00e1kladn\\u00ed \\u0161koly<\\\/li>\\n\n\n<li>pl\\u00e1n zimn\\u00ed \\u00fadr\\u017eby silnic Olomouck\\u00e9ho kraj<\\\/li>\\n\n\n<li>a dal\\u0161\\u00ed<\\\/li>\\n<\\\/ul>\",\"link\":\"https:\\\/\\\/www.dataok.cz\\\/\",\"meta\":\"OK\",\"title\":\"Port\\u00e1l otev\\u0159en\\u00fdch dat Olomouck\\u00e9ho kraje\"}},{\"type\":\"grid_item\",\"props\":{\"content\":\"\n\n<ul>\\n\n\n<li><span data-olk-copy-source=\\\"MessageBody\\\">meteorologick\\u00e1 data senzorov\\u00e9 s\\u00edt\\u011b m\\u011bsta Olomouc<\\\/span><\\\/li>\\n\n\n<li><span data-olk-copy-source=\\\"MessageBody\\\">po\\u010dty pr\\u016fjezd\\u016f automobil\\u016f dopravn\\u00edmi profily v Olomouci<\\\/span><\\\/li>\\n\n\n<li><span data-olk-copy-source=\\\"MessageBody\\\">dopravn\\u00ed profily v Olomouci<\\\/span><\\\/li>\\n\n\n<li><span data-olk-copy-source=\\\"MessageBody\\\">meteostanice m\\u011bsta Olomouc<\\\/span><\\\/li>\\n\n\n<li>parkovac\\u00ed z\\u00f3ny v Olomouci<\\\/li>\\n<\\\/ul>\",\"link\":\"https:\\\/\\\/www.dataok.cz\\\/search?collection=dataset&sort=Date%20Created%7Ccreated%7Cdesc&tags=ENCLOD\",\"meta\":\"OK + EnCLOD\",\"title\":\"Senzorick\\u00e1 data \"}}]},{\"type\":\"grid\",\"props\":{\"content_align\":true,\"content_column\":\"\",\"content_column_breakpoint\":\"m\",\"content_style\":\"text-meta\",\"filter_align\":\"left\",\"filter_all\":true,\"filter_grid_breakpoint\":\"m\",\"filter_grid_width\":\"auto\",\"filter_position\":\"top\",\"filter_style\":\"tab\",\"grid_column_align\":true,\"grid_default\":\"1\",\"grid_medium\":\"4\",\"grid_row_align\":false,\"icon_width\":80,\"image_align\":\"top\",\"image_grid_breakpoint\":\"m\",\"image_grid_width\":\"1-2\",\"image_svg_color\":\"emphasis\",\"item_animation\":true,\"link_size\":\"small\",\"link_style\":\"text\",\"link_target\":true,\"link_text\":\"otev\\u0159i datovou sadu\",\"margin\":\"default\",\"meta_align\":\"below-title\",\"meta_element\":\"div\",\"meta_margin\":\"small\",\"meta_style\":\"text-meta\",\"panel_link\":true,\"panel_padding\":\"small\",\"panel_style\":\"card-primary\",\"show_content\":true,\"show_image\":true,\"show_link\":true,\"show_meta\":true,\"show_title\":true,\"title_align\":\"top\",\"title_color\":\"primary\",\"title_decoration\":\"divider\",\"title_element\":\"h3\",\"title_grid_breakpoint\":\"m\",\"title_grid_width\":\"1-2\",\"title_hover_style\":\"reset\",\"title_link\":true,\"title_style\":\"h4\"},\"children\":[{\"type\":\"grid_item\",\"props\":{\"content\":\"\n\n<ul>\\n\n\n<li style=\\\"font-weight: 400;\\\" aria-level=\\\"1\\\"><b>Popis:<\\\/b><span style=\\\"font-weight: 400;\\\"> Lokalizace vybran\\u00fdch za\\u0159\\u00edzen\\u00ed ve\\u0159ejn\\u00e9 infrastruktury (za\\u0159\\u00edzen\\u00ed soci\\u00e1ln\\u00edch slu\\u017eeb, po\\u0161ty, vzd\\u011bl\\u00e1vac\\u00ed za\\u0159\\u00edzen\\u00ed, zdravotnick\\u00e1 za\\u0159\\u00edzen\\u00ed) a jejich obslu\\u017en\\u00e9 z\\u00f3ny pro stanoven\\u00e9 intervaly (\\u010dasov\\u00e9 nebo vzd\\u00e1lenostn\\u00ed) dostupnosti individu\\u00e1ln\\u00ed automobilovou dopravou nebo p\\u011b\\u0161\\u00ed doch\\u00e1zkou.\\u00a0<\\\/span><\\\/li>\\n\n\n<li style=\\\"font-weight: 400;\\\" aria-level=\\\"1\\\"><b>Typ dat: <\\\/b><span style=\\\"font-weight: 400;\\\">prostorov\\u00e1\\u00a0<\\\/span><\\\/li>\\n\n\n<li style=\\\"font-weight: 400;\\\" aria-level=\\\"1\\\"><b>Form\\u00e1t:<\\\/b><span style=\\\"font-weight: 400;\\\"> SHP, GeoJSON\\u00a0<\\\/span><\\\/li>\\n<\\\/ul>\",\"link\":\"https:\\\/\\\/drive.google.com\\\/drive\\\/folders\\\/1NHTDq4391MfdcCbvN9pGcPOgDyj6FRGF?usp=sharing \",\"meta\":\"OK\",\"title\":\"Dostupnosti ve\\u0159ejn\\u00e9 infrastruktury \"}},{\"type\":\"grid_item\",\"props\":{\"content\":\"\n\n<ul>\\n\n\n<li style=\\\"font-weight: 400;\\\" aria-level=\\\"1\\\"><b>Popis:<\\\/b><span style=\\\"font-weight: 400;\\\"> Z\\u00e1kladn\\u00ed ukazatele o obyvatelstvu obc\\u00ed (po\\u010det, narozen\\u00ed, zem\\u0159el\\u00ed, p\\u0159\\u00edr\\u016fstek p\\u0159irozen\\u00fd\\\/migra\\u010dn\\u00ed, s\\u0148atky, rozvody, potraty) Olomouck\\u00e9ho kraje v \\u010dlen\\u011bn\\u00ed po okresech za obdob\\u00ed 1971 - 2022\\u00a0<\\\/span><\\\/li>\\n\n\n<li style=\\\"font-weight: 400;\\\" aria-level=\\\"1\\\"><b>Typ dat:<\\\/b><span style=\\\"font-weight: 400;\\\"> tabel\\u00e1rn\\u00ed\\u00a0<\\\/span><\\\/li>\\n\n\n<li style=\\\"font-weight: 400;\\\" aria-level=\\\"1\\\"><b>Form\\u00e1t:<\\\/b><span style=\\\"font-weight: 400;\\\"> xlsx\\u00a0<\\\/span><\\\/li>\\n<\\\/ul>\",\"link\":\"https:\\\/\\\/drive.google.com\\\/file\\\/d\\\/1iBjXTw_s6M5ADFbHjJ6ZfQJ07ansdu8R\\\/view?usp=sharing\",\"meta\":\"OK\",\"title\":\"Data \\u010cS\\u00da - demografick\\u00e9 \\u00fadaje za obce Olomouck\\u00e9ho kraje \"}}]}]}],\"props\":{\"class\":\"ok\",\"id\":\"ok\"}},{\"type\":\"row\",\"children\":[{\"type\":\"column\",\"props\":{\"image_position\":\"center-center\",\"media_overlay_gradient\":\"\",\"position_sticky_breakpoint\":\"m\"},\"children\":[{\"type\":\"headline\",\"props\":{\"content\":\"\n\n<h3 style=\\\"text-align: center;\\\">Fakultn\\u00ed nemocnice Olomouc<\\\/h3>\",\"margin\":\"small\",\"margin_remove_top\":true,\"position_top\":\"-300\",\"text_align\":\"center\",\"title_element\":\"h1\"}},{\"type\":\"grid\",\"props\":{\"content_align\":true,\"content_column\":\"1-3\",\"content_column_breakpoint\":\"m\",\"content_style\":\"text-meta\",\"filter_align\":\"left\",\"filter_all\":true,\"filter_grid_breakpoint\":\"m\",\"filter_grid_width\":\"auto\",\"filter_position\":\"top\",\"filter_style\":\"tab\",\"grid_column_align\":true,\"grid_default\":\"1\",\"grid_medium\":\"1\",\"grid_row_align\":false,\"icon_width\":80,\"image_align\":\"top\",\"image_grid_breakpoint\":\"m\",\"image_grid_width\":\"1-2\",\"image_svg_color\":\"emphasis\",\"item_animation\":true,\"link_size\":\"small\",\"link_style\":\"text\",\"link_target\":true,\"link_text\":\"otev\\u0159i datovou sadu\",\"margin\":\"default\",\"meta_align\":\"below-title\",\"meta_element\":\"div\",\"meta_margin\":\"small\",\"meta_style\":\"text-meta\",\"panel_link\":true,\"panel_padding\":\"small\",\"panel_style\":\"card-primary\",\"show_content\":true,\"show_image\":true,\"show_link\":true,\"show_meta\":true,\"show_title\":true,\"title_align\":\"top\",\"title_color\":\"primary\",\"title_decoration\":\"divider\",\"title_element\":\"h3\",\"title_grid_breakpoint\":\"m\",\"title_grid_width\":\"1-2\",\"title_hover_style\":\"reset\",\"title_link\":true,\"title_style\":\"h4\"},\"children\":[{\"type\":\"grid_item\",\"props\":{\"content\":\"\n\n<ul>\\n\n\n<li style=\\\"font-weight: 400;\\\" aria-level=\\\"1\\\"><b>Popis: <\\\/b><span style=\\\"font-weight: 400;\\\">Efektivn\\u00ed \\u0159\\u00edzen\\u00ed dopravy a parkov\\u00e1n\\u00ed v are\\u00e1lu nemocnice je kl\\u00ed\\u010dov\\u00fdm faktorem pro zaji\\u0161t\\u011bn\\u00ed plynul\\u00e9ho provozu zdravotnick\\u00e9ho za\\u0159\\u00edzen\\u00ed, spokojenosti pacient\\u016f a optim\\u00e1ln\\u00edho vyu\\u017eit\\u00ed dostupn\\u00fdch zdroj\\u016f. Tento projekt si klade za c\\u00edl komplexn\\u011b analyzovat pohyb vozidel v are\\u00e1lu nemocnice, identifikovat vzorce a trendy v doprav\\u011b a navrhnout \\u0159e\\u0161en\\u00ed pro optimalizaci parkovac\\u00edch kapacit. Prost\\u0159ednictv\\u00edm sb\\u011bru a vizualizace dat o vjezdech, v\\u00fdjezdech a obsazenosti parkovi\\u0161\\u0165 z\\u00edsk\\u00e1me cenn\\u00e9 informace, kter\\u00e9 pomohou zlep\\u0161it dostupnost parkov\\u00e1n\\u00ed, sn\\u00ed\\u017eit dopravn\\u00ed z\\u00e1t\\u011b\\u017e a zv\\u00fd\\u0161it celkovou efektivitu provozu are\\u00e1lu. V\\u00fdsledky t\\u00e9to anal\\u00fdzy by mohly b\\u00fdt prezentov\\u00e1ny nap\\u0159\\u00edklad prost\\u0159ednictv\\u00edm interaktivn\\u00ed webov\\u00e9 aplikace, kter\\u00e1 poskytne veden\\u00ed nemocnice i dal\\u0161\\u00edm zainteresovan\\u00fdm stran\\u00e1m p\\u0159ehledn\\u00fd n\\u00e1stroj pro informovan\\u00e9 rozhodov\\u00e1n\\u00ed a strategick\\u00e9 pl\\u00e1nov\\u00e1n\\u00ed v oblasti spr\\u00e1vy dopravy a parkov\\u00e1n\\u00ed.<\\\/span><\\\/li>\\n\n\n<li style=\\\"font-weight: 400;\\\" aria-level=\\\"1\\\">\\n\n\n<p><b>C\\u00edle projektu:<\\\/b><\\\/p>\\n\n\n<ol>\\n\n\n<li><span style=\\\"font-weight: 400;\\\"> Analyzovat data o pohybu vozidel v are\\u00e1lu nemocnice<\\\/span><\\\/li>\\n\n\n<li><span style=\\\"font-weight: 400;\\\"> Optimalizovat vyu\\u017eit\\u00ed parkovac\\u00edch m\\u00edst<\\\/span><\\\/li>\\n\n\n<li><span style=\\\"font-weight: 400;\\\"> Vytvo\\u0159it vizu\\u00e1ln\\u00ed reprezentaci dat<\\\/span><\\\/li>\\n\n\n<li><span style=\\\"font-weight: 400;\\\"> Maxim\\u00e1ln\\u011b vyu\\u017e\\u00edt mo\\u017en\\u00fd potenci\\u00e1l vyhodnocen\\u00ed, interpretace a prezentace z\\u00e1v\\u011br\\u016f z poskytnut\\u00fdch dat dle r\\u016fzn\\u00fdch pohled\\u016f zpracovatel\\u016f.<\\\/span><\\\/li>\\n<\\\/ol>\\n\n\n<p><span style=\\\"font-weight: 400;\\\">\\u00a0<\\\/span><b>Kl\\u00ed\\u010dov\\u00e9 body anal\\u00fdzy:<\\\/b><\\\/p>\\n\n\n<ol>\\n\n\n<li><span style=\\\"font-weight: 400;\\\"> Statistick\\u00e1 odchylka vjezd\\\/v\\u00fdjezd - sledov\\u00e1n\\u00ed \\u00fabytku vozidel a nalezen\\u00ed odpov\\u011bd\\u00ed na tento fenom\\u00e9n (za jak\\u00fdch okolnost\\u00ed nast\\u00e1v\\u00e1, p\\u0159\\u00edp. \\u010d\\u00edm je zp\\u016fsobena tato odchylka)<\\\/span><\\\/li>\\n\n\n<li><span style=\\\"font-weight: 400;\\\"> Modelace v \\u010dase:<\\\/span><\\\/li>\\n<\\\/ol>\\n\n\n<p><span style=\\\"font-weight: 400;\\\">-<\\\/span><span style=\\\"font-weight: 400;\\\">\\u00a0 \\u00a0 \\u00a0 \\u00a0 \\u00a0 <\\\/span><span style=\\\"font-weight: 400;\\\">Pr\\u016fm\\u011brn\\u00e1 obsazenost parkovi\\u0161\\u0165<\\\/span><\\\/p>\\n\n\n<p><span style=\\\"font-weight: 400;\\\">-<\\\/span><span style=\\\"font-weight: 400;\\\">\\u00a0 \\u00a0 \\u00a0 \\u00a0 \\u00a0 <\\\/span><span style=\\\"font-weight: 400;\\\">Po\\u010det vozidel v are\\u00e1lu<\\\/span><\\\/p>\\n\n\n<p><span style=\\\"font-weight: 400;\\\">-<\\\/span><span style=\\\"font-weight: 400;\\\">\\u00a0 \\u00a0 \\u00a0 \\u00a0 \\u00a0 <\\\/span><span style=\\\"font-weight: 400;\\\">Identifikace \\u0161pi\\u010dkov\\u00fdch hodin (maximum vozidel v are\\u00e1lu, na vjezdech\\\/v\\u00fdjezdech do\\\/z are\\u00e1lu a na\\\/z parkovi\\u0161t\\u011b)<\\\/span><\\\/p>\\n\n\n<ol start=\\\"3\\\">\\n\n\n<li><span style=\\\"font-weight: 400;\\\"> Optimalizace vjezd\\u016f<\\\/span><\\\/li>\\n\n\n<li><span style=\\\"font-weight: 400;\\\"> Ur\\u010den\\u00ed maxima a minima po\\u010dtu vozidel v are\\u00e1lu (v pracovn\\u00edch dnech \\\/ dnech volna, jednotliv\\u00fdch dn\\u016f v t\\u00fddnu, jednotliv\\u00fdch m\\u011bs\\u00edc\\u016f, p\\u0159\\u00edpadn\\u00e1 korelace s po\\u010das\\u00edm, s akcemi po\\u0159\\u00e1dan\\u00fdmi na v\\u00fdstavi\\u0161ti Fl\\u00f3ra apod.)<\\\/span><\\\/li>\\n\n\n<li><span style=\\\"font-weight: 400;\\\"> Anal\\u00fdza obsazenosti parkovi\\u0161\\u0165:<\\\/span><\\\/li>\\n<\\\/ol>\\n\n\n<p><span style=\\\"font-weight: 400;\\\">\\u00a0\\u00a0\\u00a0- Frekvence pln\\u00e9 obsazenosti<\\\/span><\\\/p>\\n\n\n<p><span style=\\\"font-weight: 400;\\\">\\u00a0\\u00a0\\u00a0- Pr\\u016fm\\u011brn\\u00e1 doba pln\\u00e9 obsazenosti<\\\/span><\\\/p>\\n\n\n<ol start=\\\"6\\\">\\n\n\n<li><span style=\\\"font-weight: 400;\\\"> Kategorizace vozidel<\\\/span><\\\/li>\\n<\\\/ol>\\n\n\n<p><span style=\\\"font-weight: 400;\\\">\\u00a0<\\\/span><b>Specifick\\u00e9 po\\u017eadavky:<\\\/b><\\\/p>\\n\n\n<ol>\\n\n\n<li><span style=\\\"font-weight: 400;\\\"> Rozd\\u011blen\\u00ed are\\u00e1lu na z\\u00f3ny (P0, P1, P2, P3, P4)<\\\/span><\\\/li>\\n\n\n<li><span style=\\\"font-weight: 400;\\\"> Anal\\u00fdza po\\u010dtu a pohybu vozidel v jednotliv\\u00fdch z\\u00f3n\\u00e1ch<\\\/span><\\\/li>\\n\n\n<li><span style=\\\"font-weight: 400;\\\"> P0 definovat jako z\\u00e1kladn\\u00ed vjezd \\\"are\\u00e1l\\\" (nap\\u0159. u klinik)<\\\/span><\\\/li>\\n\n\n<li><span style=\\\"font-weight: 400;\\\"> Anal\\u00fdza pr\\u016fm\\u011brn\\u00e9 doby v\\u00fdskytu vozidla v are\\u00e1lu \\\/ na konkr\\u00e9tn\\u00edm parkovi\\u0161ti, pr\\u016fm\\u011brn\\u011b str\\u00e1ven\\u00fd \\u010das vozidel v are\\u00e1lu dle kategorie vozidel\\u2026<\\\/span><\\\/li>\\n<\\\/ol>\\n\n\n<p><span style=\\\"font-weight: 400;\\\">\\u00a0<\\\/span><b>Mo\\u017en\\u00e9 v\\u00fdstupy projektu:<\\\/b><\\\/p>\\n\n\n<p><span style=\\\"font-weight: 400;\\\">Webov\\u00e1 aplikace pro vizualizaci dat na map\\u011b are\\u00e1lu, zobrazuj\\u00edc\\u00ed:<\\\/span><\\\/p>\\n\n\n<ol>\\n\n\n<li><span style=\\\"font-weight: 400;\\\"> Po\\u010d\\u00edtadla vozidel v re\\u00e1ln\\u00e9m \\u010dase (zp\\u011btn\\u011b v rozsahu vstupn\\u00edch dat)<\\\/span><\\\/li>\\n\n\n<li><span style=\\\"font-weight: 400;\\\"> Mo\\u017enosti zobrazen\\u00ed dat pro zvolen\\u00fd \\u010dasov\\u00fd \\u00fasek<\\\/span><\\\/li>\\n\n\n<li><span style=\\\"font-weight: 400;\\\"> Grafick\\u00e9 zn\\u00e1zorn\\u011bn\\u00ed obsazenosti jednotliv\\u00fdch parkovi\\u0161\\u0165<\\\/span><\\\/li>\\n\n\n<li><span style=\\\"font-weight: 400;\\\"> Dynamicky generovan\\u00e9 statistick\\u00e9 p\\u0159ehledy dle zad\\u00e1van\\u00fdch parametr\\u016f<\\\/span><\\\/li>\\n<\\\/ol>\\n\n\n<p><span style=\\\"font-weight: 400;\\\">\\u00a0<\\\/span><b>Dodate\\u010dn\\u00e9 mo\\u017enosti \\u0159e\\u0161en\\u00ed:<\\\/b><\\\/p>\\n\n\n<ol>\\n\n\n<li><span style=\\\"font-weight: 400;\\\"> Navrhnout mo\\u017enosti optimalizace vjezd\\u016f na z\\u00e1klad\\u011b analyzovan\\u00fdch dat<\\\/span><\\\/li>\\n\n\n<li><span style=\\\"font-weight: 400;\\\"> Vytvo\\u0159it syst\\u00e9m p\\u0159edpov\\u00edd\\u00e1n\\u00ed obsazenosti parkovi\\u0161\\u0165<\\\/span><\\\/li>\\n\n\n<li><span style=\\\"font-weight: 400;\\\"> N\\u00e1vrh na \\u00fapravu syst\\u00e9mu zpoplatn\\u011bn\\u00ed reguluj\\u00edc\\u00ed dopravu v are\\u00e1lu FNOL<\\\/span><\\\/li>\\n<\\\/ol>\\n\n\n<p><span style=\\\"font-weight: 400;\\\">\\u00a0<\\\/span><b>Informace k data souboru:<\\\/b><\\\/p>\\n\n\n<p><span style=\\\"font-weight: 400;\\\">Na prvn\\u00edm listu souboru HackathonUP-dataFNOL.xls je legenda popisuj\\u00edc\\u00ed konstrukci dat. Jedn\\u00e1 se o \\u00fadaje z vjezdov\\u00fdch bran, kter\\u00e1 byla d\\u00e1le anonymizov\\u00e1na a roz\\u0161\\u00ed\\u0159ena o dal\\u0161\\u00ed t\\u0159\\u00edd\\u011bn\\u00ed jako den, m\\u00edsto, typ vozidla, GPS sou\\u0159adnice br\\u00e1ny atp. V souboru je i mapa are\\u00e1lu, ve kter\\u00e9 jsou schematicky zazna\\u010deny br\\u00e1ny a parkovi\\u0161t\\u011b.<\\\/span><\\\/p>\\n<\\\/li>\\n<\\\/ul>\",\"link\":\"https:\\\/\\\/drive.google.com\\\/drive\\\/folders\\\/1OecLfG-UyxkymMd-g98GN0gSVjV0xucD?usp=drive_link\",\"meta\":\"FNOL\",\"title\":\"Dataset k anal\\u00fdze pohybu vozidel v are\\u00e1lu Fakultn\\u00ed nemocnice Olomouc\"}}]}]}],\"props\":{\"class\":\"fnol\",\"id\":\"fnol\"}},{\"type\":\"row\",\"children\":[{\"type\":\"column\",\"props\":{\"image_position\":\"center-center\",\"media_overlay_gradient\":\"\",\"position_sticky_breakpoint\":\"m\"},\"children\":[{\"type\":\"headline\",\"props\":{\"content\":\"\n\n<h3 style=\\\"text-align: center;\\\">Pocitov\\u00e9 mapy<\\\/h3>\",\"margin\":\"small\",\"margin_remove_top\":true,\"position_top\":\"-300\",\"text_align\":\"center\",\"title_element\":\"h1\"}},{\"type\":\"grid\",\"props\":{\"content_align\":true,\"content_column\":\"1-3\",\"content_column_breakpoint\":\"m\",\"content_style\":\"text-meta\",\"filter_align\":\"left\",\"filter_all\":true,\"filter_grid_breakpoint\":\"m\",\"filter_grid_width\":\"auto\",\"filter_position\":\"top\",\"filter_style\":\"tab\",\"grid_column_align\":true,\"grid_default\":\"1\",\"grid_medium\":\"1\",\"grid_row_align\":false,\"icon_width\":80,\"image_align\":\"top\",\"image_grid_breakpoint\":\"m\",\"image_grid_width\":\"1-2\",\"image_svg_color\":\"emphasis\",\"item_animation\":true,\"link_size\":\"small\",\"link_style\":\"text\",\"link_target\":true,\"link_text\":\"otev\\u0159i datovou sadu\",\"margin\":\"default\",\"meta_align\":\"below-title\",\"meta_element\":\"div\",\"meta_margin\":\"small\",\"meta_style\":\"text-meta\",\"panel_link\":true,\"panel_padding\":\"small\",\"panel_style\":\"card-primary\",\"show_content\":true,\"show_image\":true,\"show_link\":true,\"show_meta\":true,\"show_title\":true,\"title_align\":\"top\",\"title_color\":\"primary\",\"title_decoration\":\"divider\",\"title_element\":\"h3\",\"title_grid_breakpoint\":\"m\",\"title_grid_width\":\"1-2\",\"title_hover_style\":\"reset\",\"title_link\":true,\"title_style\":\"h4\"},\"children\":[{\"type\":\"grid_item\",\"props\":{\"content\":\"\n\n<ul>\\n\n\n<li>teplotn\\u00ed data\\u00a0<\\\/li>\\n\n\n<li>bezpe\\u010dn\\u00e1 cesta do pr\\u00e1ce<\\\/li>\\n\n\n<li>cyklistick\\u00e1 infrastruktura<\\\/li>\\n\n\n<li>protipovod\\u0148ov\\u00e1 opat\\u0159en\\u00ed<\\\/li>\\n\n\n<li>mapov\\u00e1n\\u00ed strachu<\\\/li>\\n\n\n<li>pocitov\\u00e1 mapa Olomouce<\\\/li>\\n<\\\/ul>\",\"link\":\"https:\\\/\\\/drive.google.com\\\/drive\\\/folders\\\/1KOO1qDsLyiD1GQR376Gc2xfeijFLI0Xd?usp=sharing\",\"meta\":\"pocitovemapy.cz\",\"title\":\"Pocitov\\u00e9 mapov\\u00e1ni m\\u011bsta Olomouc\"}}]}]}],\"props\":{\"class\":\"pm\",\"id\":\"pm\"}}],\"name\":\"data\"}],\"version\":\"3.0.28\"} --><\/p>\n","protected":false},"excerpt":{"rendered":"<p>p\u0159ehled datov\u00fdch sad [triangle-down] P\u0159ehled datov\u00fdch sad \u00da\u010dastn\u00edk\u016fm hackathonu p\u0159in\u00e1\u0161\u00edme p\u0159ehled otev\u0159en\u00fdch datov\u00fdch sad, kter\u00e9 m\u016f\u017eou vyu\u017e\u00edt p\u0159i \u0159e\u0161en\u00ed sv\u00fdch projekt\u016f \u0158e\u0161en\u00ed by m\u011blo obsahovat datov\u00e9 sady z EnCLOD senzorick\u00e9 s\u00edt\u011b v Olomouci v libovoln\u00e9m m\u011b\u0159\u00edtku. Vyu\u017eit\u00ed dal\u0161\u00ed sad nen\u00ed nijak podm\u00edn\u011bno. \u00da\u010dastn\u00edci m\u016f\u017eou vyu\u017e\u00edt jak\u00e1koliv dal\u0161\u00ed otev\u0159en\u00e1 data.\u00a0 Seznam datov\u00fdch sad pr\u016fb\u011b\u017en\u011b dopl\u0148ujeme. EnCLOD [&hellip;]<\/p>\n","protected":false},"author":1,"featured_media":0,"parent":0,"menu_order":0,"comment_status":"closed","ping_status":"closed","template":"","meta":{"footnotes":""},"class_list":["post-394","page","type-page","status-publish","hentry"],"aioseo_notices":[],"_links":{"self":[{"href":"https:\/\/hackathon.upol.cz\/en\/wp-json\/wp\/v2\/pages\/394","targetHints":{"allow":["GET"]}}],"collection":[{"href":"https:\/\/hackathon.upol.cz\/en\/wp-json\/wp\/v2\/pages"}],"about":[{"href":"https:\/\/hackathon.upol.cz\/en\/wp-json\/wp\/v2\/types\/page"}],"author":[{"embeddable":true,"href":"https:\/\/hackathon.upol.cz\/en\/wp-json\/wp\/v2\/users\/1"}],"replies":[{"embeddable":true,"href":"https:\/\/hackathon.upol.cz\/en\/wp-json\/wp\/v2\/comments?post=394"}],"version-history":[{"count":5,"href":"https:\/\/hackathon.upol.cz\/en\/wp-json\/wp\/v2\/pages\/394\/revisions"}],"predecessor-version":[{"id":1758,"href":"https:\/\/hackathon.upol.cz\/en\/wp-json\/wp\/v2\/pages\/394\/revisions\/1758"}],"wp:attachment":[{"href":"https:\/\/hackathon.upol.cz\/en\/wp-json\/wp\/v2\/media?parent=394"}],"curies":[{"name":"wp","href":"https:\/\/api.w.org\/{rel}","templated":true}]}}